{"id":310,"date":"2019-03-25T20:27:20","date_gmt":"2019-03-25T19:27:20","guid":{"rendered":"http:\/\/ptn.elk.pl\/?page_id=310"},"modified":"2019-04-28T10:41:48","modified_gmt":"2019-04-28T08:41:48","slug":"statut","status":"publish","type":"page","link":"https:\/\/ptn.suwalki.pl\/index.php\/o-nas\/statut\/","title":{"rendered":"Statut"},"content":{"rendered":"\n<p style=\"text-align:center\"><a href=\"http:\/\/ptn.pl\/wp-content\/uploads\/2016\/06\/statut_ptn.pdf\" target=\"_blank\" rel=\"noreferrer noopener\">Statut Polskiego Towarzystwa Numizmatycznego<\/a><\/p>\n\n\n\n<p style=\"text-align:center\">Rozdzia\u0142 I<br>Postanowienia og\u00f3lne<\/p>\n\n\n\n<p style=\"text-align:center\">\u00a7 1<\/p>\n\n\n\n<p style=\"text-align:center\">Polskie Towarzystwo Numizmatyczne jest kontynuatorem tradycji i dzia\u0142alno\u015bci zorganizowanego przez Karola Beyera w 1845 roku w Warszawie ruchu numizmatycznego, kt\u00f3rego jednym z g\u0142\u00f3wnych cel\u00f3w by\u0142o ratowanie, kolekcjonowanie i popularyzacja numizmat\u00f3w, jako pami\u0105tek ojczystych i&nbsp;historycznych. Polskie Towarzystwo Numizmatyczne jest tak\u017ce kontynuatorem tradycji i dzia\u0142alno\u015bci, powsta\u0142ych w p\u00f3\u017aniejszym okresie, towarzystw numizmatycznych w Krakowie, Warszawie, Poznaniu, Lwowie i Bydgoszczy oraz odradzaj\u0105cego si\u0119 i powsta\u0142ego po drugiej wojnie \u015bwiatowej ruchu numizmatycznego w Krakowie, \u0141odzi, Warszawie i Wroc\u0142awiu, a tak\u017ce Polskiego Towarzystwa Prehistorycznego, Polskiego Towarzystwa Archeologicznego oraz Polskiego Towarzystwa Archeologicznego i Numizmatycznego.<\/p>\n\n\n\n<p style=\"text-align:center\">\u00a7 2<\/p>\n\n\n\n<p style=\"text-align:center\">Polskie Towarzystwo Numizmatyczne, zwane dalej w skr\u00f3cie \u201ePTN\u201d lub \u201eTowarzystwem\u201d jest stowarzyszeniem naukowym, dzia\u0142aj\u0105cym na podstawie przepis\u00f3w ustawy z dnia 7 kwietnia 1989 r. Prawo o Stowarzyszeniach (t. jedn. Dz.U. z 2017, poz. 210 ze zm.) oraz Statutu PTN, posiada osobowo\u015b\u0107 prawn\u0105 i zosta\u0142o powo\u0142ane na czas nieograniczony.<\/p>\n\n\n\n<p style=\"text-align:center\">\u00a7 3<\/p>\n\n\n\n<p style=\"text-align:center\">Terenem dzia\u0142ania Towarzystwa jest obszar Rzeczypospolitej Polskiej, a siedzib\u0105 W\u0142adz Naczelnych Towarzystwa jest miasto sto\u0142eczne Warszawa.<\/p>\n\n\n\n<p style=\"text-align:center\">\u00a7 4<\/p>\n\n\n\n<p style=\"text-align:center\">Towarzystwo posiada w\u0142asne logo oraz u\u017cywa odznak i piecz\u0119ci na zasadach okre\u015blonych przez Zarz\u0105d G\u0142\u00f3wny PTN.<\/p>\n\n\n\n<p style=\"text-align:center\">\u00a7 5<\/p>\n\n\n\n<p style=\"text-align:center\">Towarzystwo opiera dzia\u0142alno\u015b\u0107 na pracy spo\u0142ecznej swoich cz\u0142onk\u00f3w, a do prowadzenia swych spraw mo\u017ce zatrudnia\u0107 pracownik\u00f3w, w tym cz\u0142onk\u00f3w PTN.<\/p>\n\n\n\n<p style=\"text-align:center\">\u00a7 6<\/p>\n\n\n\n<p style=\"text-align:center\">Towarzystwo mo\u017ce powo\u0142ywa\u0107 oddzia\u0142y oraz ko\u0142a terenowe.<\/p>\n\n\n\n<p style=\"text-align:center\">\u00a7 7<\/p>\n\n\n\n<p style=\"text-align:center\">Towarzystwo mo\u017ce dzia\u0142a\u0107 tak\u017ce za granic\u0105 z poszanowaniem tamtejszego prawa.<\/p>\n\n\n\n<p style=\"text-align:center\">\u00a7 8<\/p>\n\n\n\n<p style=\"text-align:center\">Towarzystwo mo\u017ce by\u0107 cz\u0142onkiem krajowych i zagranicznych stowarzysze\u0144 o tym samym lub podobnym profilu dzia\u0142alno\u015bci.<\/p>\n\n\n\n<p style=\"text-align:center\">Rozdzia\u0142 II<br>Cele i formy dzia\u0142ania<\/p>\n\n\n\n<p style=\"text-align:center\">\u00a7 9<\/p>\n\n\n\n<p style=\"text-align:center\">Celem Towarzystwa jest:<\/p>\n\n\n\n<p style=\"text-align:center\">1.&nbsp;&nbsp;&nbsp;&nbsp;&nbsp;&nbsp;&nbsp; zrzeszanie os\u00f3b zainteresowanych numizmatyk\u0105, kolekcjonerstwem oraz dzia\u0142alno\u015bci\u0105 i celami Towarzystwa,<\/p>\n\n\n\n<p style=\"text-align:center\">2.&nbsp;&nbsp;&nbsp;&nbsp;&nbsp;&nbsp;&nbsp; prowadzenie bada\u0144 naukowych zwi\u0105zanych z rozwojem numizmatyki,<\/p>\n\n\n\n<p style=\"text-align:center\">3.&nbsp;&nbsp;&nbsp;&nbsp;&nbsp;&nbsp;&nbsp; podejmowanie dzia\u0142a\u0144 przyczyniaj\u0105cych si\u0119 do ujawniania i ochrony odkry\u0107 numizmatycznych,<\/p>\n\n\n\n<p style=\"text-align:center\">4.&nbsp;&nbsp;&nbsp;&nbsp;&nbsp;&nbsp;&nbsp; ochrona numizmat\u00f3w, jako d\u00f3br kultury i dziedzictwa narodowego,<\/p>\n\n\n\n<p style=\"text-align:center\">5.&nbsp;&nbsp;&nbsp;&nbsp;&nbsp;&nbsp;&nbsp; podejmowanie dzia\u0142a\u0144 zwi\u0105zanych z promocj\u0105 numizmatyki oraz kolekcjonerstwa w kraju i za granic\u0105,<\/p>\n\n\n\n<p style=\"text-align:center\">6.&nbsp;&nbsp;&nbsp;&nbsp;&nbsp;&nbsp;&nbsp; popularyzowanie w\u015br\u00f3d spo\u0142ecze\u0144stwa wiedzy z zakresu numizmatyki, historii i ekonomii oraz ochrony i konserwacji zabytk\u00f3w numizmatycznych,<\/p>\n\n\n\n<p style=\"text-align:center\">7.&nbsp;&nbsp;&nbsp;&nbsp;&nbsp;&nbsp;&nbsp; podejmowanie dzia\u0142a\u0144 przyczyniaj\u0105cych si\u0119 do wykrywania fa\u0142szerstw numizmatycznych,<\/p>\n\n\n\n<p style=\"text-align:center\">8.&nbsp;&nbsp;&nbsp;&nbsp;&nbsp;&nbsp;&nbsp; popieranie, opieka i ukierunkowanie naukowego kolekcjonerstwa numizmatycznego,<\/p>\n\n\n\n<p style=\"text-align:center\">9.&nbsp;&nbsp;&nbsp;&nbsp;&nbsp;&nbsp;&nbsp; pog\u0142\u0119bianie wiedzy w\u015br\u00f3d cz\u0142onk\u00f3w Towarzystwa,<\/p>\n\n\n\n<p>10.&nbsp;&nbsp;&nbsp;&nbsp; podejmowanie innych dzia\u0142a\u0144 z zakresu kultury, sztuki i dziedzictwa narodowego.<\/p>\n\n\n\n<p style=\"text-align:center\">\u00a7 10<\/p>\n\n\n\n<p style=\"text-align:center\">Towarzystwo realizuje swoje cele poprzez:<\/p>\n\n\n\n<p style=\"text-align:center\">1.&nbsp;&nbsp;&nbsp;&nbsp;&nbsp;&nbsp;&nbsp; wsp\u00f3\u0142dzia\u0142anie z w\u0142adzami, instytucjami oraz organizacjami krajowymi i zagranicznymi zainteresowanymi dzia\u0142alno\u015bci\u0105 i celami Towarzystwa,<\/p>\n\n\n\n<p style=\"text-align:center\">2.&nbsp;&nbsp;&nbsp;&nbsp;&nbsp;&nbsp;&nbsp; przedstawianie w\u0142adzom i instytucjom postulat\u00f3w i opinii dotycz\u0105cych numizmatyki, w&nbsp;szczeg\u00f3lno\u015bci przyczyniaj\u0105cych si\u0119 do promocji numizmatyki oraz ochrony odkry\u0107 numizmatycznych i ich inwentaryzacji,<\/p>\n\n\n\n<p style=\"text-align:center\">3.&nbsp;&nbsp;&nbsp;&nbsp;&nbsp;&nbsp;&nbsp; zapoznawanie spo\u0142ecze\u0144stwa z wynikami bada\u0144 naukowych z zakresu numizmatyki za po\u015brednictwem dost\u0119pnych \u015brodk\u00f3w i medi\u00f3w,<\/p>\n\n\n\n<p style=\"text-align:center\">4.&nbsp;&nbsp;&nbsp;&nbsp;&nbsp;&nbsp;&nbsp; organizowanie krajowych, zagranicznych i mi\u0119dzynarodowych konferencji, debat, sesji i posiedze\u0144 naukowych, odczyt\u00f3w, spotka\u0144 i zebra\u0144 publicznych, wystaw i pokaz\u00f3w, konkurs\u00f3w, olimpiad oraz warsztat\u00f3w, kurs\u00f3w, szkole\u0144 numizmatycznych itp.,<\/p>\n\n\n\n<p style=\"text-align:center\">5.&nbsp;&nbsp;&nbsp;&nbsp;&nbsp;&nbsp;&nbsp; wydawanie publikacji naukowych, popularnonaukowych i innych wydawnictw okoliczno\u015bciowych popularyzuj\u0105cych numizmatyk\u0119,<\/p>\n\n\n\n<p style=\"text-align:center\">6.&nbsp;&nbsp;&nbsp;&nbsp;&nbsp;&nbsp;&nbsp; wykonywanie ekspertyz numizmatycznych,<\/p>\n\n\n\n<p style=\"text-align:center\">7.&nbsp;&nbsp;&nbsp;&nbsp;&nbsp;&nbsp;&nbsp; organizacj\u0119 wyjazd\u00f3w krajowych i zagranicznych do muze\u00f3w, gabinet\u00f3w numizmatycznych, stowarzysze\u0144, instytucji itp.,<\/p>\n\n\n\n<p style=\"text-align:center\">8.&nbsp;&nbsp;&nbsp;&nbsp;&nbsp;&nbsp;&nbsp; organizowanie aukcji i gie\u0142d numizmatycznych oraz innych form wymiany kolekcjonerskiej.<\/p>\n\n\n\n<p style=\"text-align:center\">Rozdzia\u0142 III<br>Cz\u0142onkowie, ich prawa i obowi\u0105zki<\/p>\n\n\n\n<p style=\"text-align:center\">\u00a7 11<\/p>\n\n\n\n<p style=\"text-align:center\">1.&nbsp;&nbsp;&nbsp;&nbsp;&nbsp;&nbsp;&nbsp; Cz\u0142onkami Towarzystwa mog\u0105 by\u0107 osoby fizyczne i osoby prawne.<\/p>\n\n\n\n<p style=\"text-align:center\">2.&nbsp;&nbsp;&nbsp;&nbsp;&nbsp;&nbsp;&nbsp; Cz\u0142onkowie Towarzystwa dziel\u0105 si\u0119 na:<\/p>\n\n\n\n<p style=\"text-align:center\">1.&nbsp;&nbsp;&nbsp;&nbsp;&nbsp;&nbsp;&nbsp; zwyczajnych,<\/p>\n\n\n\n<p style=\"text-align:center\">2.&nbsp;&nbsp;&nbsp;&nbsp;&nbsp;&nbsp;&nbsp; honorowych,<\/p>\n\n\n\n<p style=\"text-align:center\">3.&nbsp;&nbsp;&nbsp;&nbsp;&nbsp;&nbsp;&nbsp; wspieraj\u0105cych.<\/p>\n\n\n\n<p style=\"text-align:center\">\u00a7 12<\/p>\n\n\n\n<p style=\"text-align:center\">1.&nbsp;&nbsp;&nbsp;&nbsp;&nbsp;&nbsp;&nbsp; Cz\u0142onkiem zwyczajnym Towarzystwa mo\u017ce by\u0107:<\/p>\n\n\n\n<p style=\"text-align:center\">1.&nbsp;&nbsp;&nbsp;&nbsp;&nbsp;&nbsp;&nbsp; pe\u0142noletni obywatel Rzeczypospolitej Polskiej interesuj\u0105cy si\u0119 numizmatyk\u0105, akceptuj\u0105cy cele Towarzystwa, pragn\u0105cy pog\u0142\u0119bia\u0107 wiedz\u0119 w zakresie numizmatyki poprzez mo\u017cliwo\u015b\u0107 kontaktu ze \u015brodowiskiem numizmatycznym oraz studiowanie literatury fachowej \u2013 przyj\u0119ty przez Zarz\u0105d Oddzia\u0142u na podstawie deklaracji z\u0142o\u017conej przez zainteresowanego oraz zaopiniowanej przez Zarz\u0105d Ko\u0142a je\u017celi w Oddziale Ko\u0142o takie istnieje;<\/p>\n\n\n\n<p style=\"text-align:center\">2.&nbsp;&nbsp;&nbsp;&nbsp;&nbsp;&nbsp;&nbsp; pe\u0142noletni obywatel pa\u0144stwa obcego przyj\u0119ty przez Prezydium Zarz\u0105du G\u0142\u00f3wnego.<\/p>\n\n\n\n<p style=\"text-align:center\">3.&nbsp;&nbsp;&nbsp;&nbsp;&nbsp;&nbsp;&nbsp; Ma\u0142oletni w wieku od 16 do 18 lat, kt\u00f3rzy maj\u0105 ograniczon\u0105 zdolno\u015b\u0107 do czynno\u015bci prawnych, mog\u0105 nale\u017ce\u0107 do Towarzystwa i korzysta\u0107 z czynnego i biernego prawa wyborczego, z tym \u017ce w sk\u0142adzie w\u0142adz Towarzystwa wi\u0119kszo\u015b\u0107 musz\u0105 stanowi\u0107 osoby o pe\u0142nej zdolno\u015bci do czynno\u015bci prawnych.<\/p>\n\n\n\n<p style=\"text-align:center\">4.&nbsp;&nbsp;&nbsp;&nbsp;&nbsp;&nbsp;&nbsp; Ma\u0142oletni poni\u017cej 16 lat mog\u0105, za zgod\u0105 przedstawicieli ustawowych, nale\u017ce\u0107 do Towarzystwa, bez prawa udzia\u0142u w g\u0142osowaniu na walnych zebraniach cz\u0142onk\u00f3w oraz bez korzystania z czynnego i biernego prawa wyborczego do w\u0142adz Towarzystwa<\/p>\n\n\n\n<p style=\"text-align:center\">Cudzoziemcy mieszkaj\u0105cy na terytorium Rzeczypospolitej Polskiej posiadaj\u0105 wszystkie prawa i obowi\u0105zki cz\u0142onka zwyczajnego i s\u0105 cz\u0142onkami Oddzia\u0142u, kt\u00f3rego zasi\u0119g terytorialny jest zgodny z jego miejscem zamieszkania.<\/p>\n\n\n\n<p style=\"text-align:center\">Cudzoziemcy nie mieszkaj\u0105cy na terytorium Rzeczypospolitej Polskiej mog\u0105 by\u0107 cz\u0142onkami zwyczajnymi Towarzystwa bez przynale\u017cenia do okre\u015blonego Oddzia\u0142u i nie posiadaj\u0105 czynnego i biernego prawa wyborczego.<\/p>\n\n\n\n<p style=\"text-align:center\">\u00a7 13<\/p>\n\n\n\n<p style=\"text-align:center\">1.&nbsp;&nbsp;&nbsp;&nbsp;&nbsp;&nbsp;&nbsp; Godno\u015b\u0107 cz\u0142onka honorowego nadaje Walny Zjazd Delegat\u00f3w Towarzystwa osobom fizycznym szczeg\u00f3lnie zas\u0142u\u017conym dla numizmatyki lub dobra Towarzystwa.<\/p>\n\n\n\n<p style=\"text-align:center\">2.&nbsp;&nbsp;&nbsp;&nbsp;&nbsp;&nbsp;&nbsp; Wniosek o nadanie godno\u015bci cz\u0142onka honorowego sk\u0142ada Zarz\u0105d G\u0142\u00f3wny zgodnie z regulaminem przez siebie uchwalonym.<\/p>\n\n\n\n<p style=\"text-align:center\">\u00a7 14<\/p>\n\n\n\n<p style=\"text-align:center\">1.&nbsp;&nbsp;&nbsp;&nbsp;&nbsp;&nbsp;&nbsp; Cz\u0142onkiem wspieraj\u0105cym mo\u017ce by\u0107 osoba prawna, zainteresowana merytoryczn\u0105 dzia\u0142alno\u015bci\u0105 Towarzystwa lub pragn\u0105ca wesprze\u0107 statutowe cele dzia\u0142alno\u015bci Towarzystwa \u2013 op\u0142acaj\u0105ca sk\u0142adk\u0119 w wysoko\u015bci wielokrotno\u015bci warto\u015bci sk\u0142adki cz\u0142onkowskiej na dany rok, kt\u00f3ra zostanie przyj\u0119ta przez Zarz\u0105d Oddzia\u0142u.<\/p>\n\n\n\n<p style=\"text-align:center\">2.&nbsp;&nbsp;&nbsp;&nbsp;&nbsp;&nbsp;&nbsp; Cz\u0142onek wspieraj\u0105cy dzia\u0142a na forum Oddzia\u0142u, kt\u00f3rego jest cz\u0142onkiem za po\u015brednictwem swego przedstawiciela z g\u0142osem doradczym.<\/p>\n\n\n\n<p style=\"text-align:center\">3.&nbsp;&nbsp;&nbsp;&nbsp;&nbsp;&nbsp;&nbsp; Ca\u0142o\u015b\u0107 sk\u0142adki cz\u0142onka wspieraj\u0105cego pozostaje do dyspozycji Oddzia\u0142u.<\/p>\n\n\n\n<p style=\"text-align:center\">\u00a7 15<\/p>\n\n\n\n<p style=\"text-align:center\">1.&nbsp;&nbsp;&nbsp;&nbsp;&nbsp;&nbsp;&nbsp; Cz\u0142onek zwyczajny ma prawo do:<\/p>\n\n\n\n<p style=\"text-align:center\">1.&nbsp;&nbsp;&nbsp;&nbsp;&nbsp;&nbsp;&nbsp; czynnego i biernego wyboru do w\u0142adz Towarzystwa,<\/p>\n\n\n\n<p style=\"text-align:center\">2.&nbsp;&nbsp;&nbsp;&nbsp;&nbsp;&nbsp;&nbsp; uczestniczenia w odczytach, wystawach, aukcjach i innych imprezach popularnonaukowych organizowanych przez Towarzystwo,<\/p>\n\n\n\n<p style=\"text-align:center\">3.&nbsp;&nbsp;&nbsp;&nbsp;&nbsp;&nbsp;&nbsp; korzystania z posiadanych przez Towarzystwo \u015brodk\u00f3w i urz\u0105dze\u0144,<\/p>\n\n\n\n<p style=\"text-align:center\">4.&nbsp;&nbsp;&nbsp;&nbsp;&nbsp;&nbsp;&nbsp; nabywania wydawnictw Towarzystwa na warunkach ustalonych przez Zarz\u0105d G\u0142\u00f3wny.<\/p>\n\n\n\n<p style=\"text-align:center\">2.&nbsp;&nbsp;&nbsp;&nbsp;&nbsp;&nbsp;&nbsp; Obowi\u0105zkiem cz\u0142onka zwyczajnego jest:<\/p>\n\n\n\n<p style=\"text-align:center\">1.&nbsp;&nbsp;&nbsp;&nbsp;&nbsp;&nbsp;&nbsp; czynne uczestniczenie w pracach i dzia\u0142alno\u015bci Towarzystwa,<\/p>\n\n\n\n<p style=\"text-align:center\">2.&nbsp;&nbsp;&nbsp;&nbsp;&nbsp;&nbsp;&nbsp; przestrzeganie statutu Towarzystwa,<\/p>\n\n\n\n<p style=\"text-align:center\">3.&nbsp;&nbsp;&nbsp;&nbsp;&nbsp;&nbsp;&nbsp; wykonywanie uchwa\u0142 w\u0142adz Towarzystwa,<\/p>\n\n\n\n<p style=\"text-align:center\">4.&nbsp;&nbsp;&nbsp;&nbsp;&nbsp;&nbsp;&nbsp; regularne i terminowe op\u0142acanie sk\u0142adek cz\u0142onkowskich w okresie I kwarta\u0142u danego roku.<\/p>\n\n\n\n<p style=\"text-align:center\">3.&nbsp;&nbsp;&nbsp;&nbsp;&nbsp;&nbsp;&nbsp; Sk\u0142adka cz\u0142onkowska w 50% przekazywana jest do Zarz\u0105du G\u0142\u00f3wnego na cele dzia\u0142alno\u015bci og\u00f3lnostatutowej \u2013 50% pozostaje do dyspozycji Oddzia\u0142u.<\/p>\n\n\n\n<p style=\"text-align:center\">4.&nbsp;&nbsp;&nbsp;&nbsp;&nbsp;&nbsp;&nbsp; Cz\u0142onek honorowy korzysta z wszelkich praw przys\u0142uguj\u0105cych cz\u0142onkom zwyczajnym, a ponadto nie ma obowi\u0105zku p\u0142acenia sk\u0142adek cz\u0142onkowskich.<\/p>\n\n\n\n<p style=\"text-align:center\">5.&nbsp;&nbsp;&nbsp;&nbsp;&nbsp;&nbsp;&nbsp; Cz\u0142onkom wspieraj\u0105cym przys\u0142uguj\u0105 wszelkie prawa cz\u0142onka zwyczajnego okre\u015blone w ust.1 z wyj\u0105tkiem pkt.1 oraz obowi\u0105zki okre\u015blone w ust.2 pkt. 2, 3 i 4.<\/p>\n\n\n\n<p style=\"text-align:center\">\u00a7 16<\/p>\n\n\n\n<p style=\"text-align:center\">1.&nbsp;&nbsp;&nbsp;&nbsp;&nbsp;&nbsp;&nbsp; Cz\u0142onkostwo zwyczajne ustaje na skutek:<\/p>\n\n\n\n<p style=\"text-align:center\">1.&nbsp;&nbsp;&nbsp;&nbsp;&nbsp;&nbsp;&nbsp; dobrowolnego wyst\u0105pienia zg\u0142oszonego na pi\u015bmie w\u0142a\u015bciwemu terenowo Zarz\u0105dowi Oddzia\u0142u,<\/p>\n\n\n\n<p style=\"text-align:center\">2.&nbsp;&nbsp;&nbsp;&nbsp;&nbsp;&nbsp;&nbsp; skre\u015blenia z ewidencji cz\u0142onk\u00f3w Towarzystwa przez Zarz\u0105d Oddzia\u0142u z powodu nieusprawiedliwionego zalegania z op\u0142at\u0105 sk\u0142adek cz\u0142onkowskich za dany rok,<\/p>\n\n\n\n<p style=\"text-align:center\">3.&nbsp;&nbsp;&nbsp;&nbsp;&nbsp;&nbsp;&nbsp; wykluczenia z Towarzystwa uchwa\u0142\u0105 Zarz\u0105du Oddzia\u0142u wobec naruszenia \u00a7 15 ust. 2 pkt 1-3 Statutu. Od uchwa\u0142y tej przys\u0142uguje cz\u0142onkowi odwo\u0142anie w terminie 1 miesi\u0105ca od daty otrzymania do Zarz\u0105du G\u0142\u00f3wnego,<\/p>\n\n\n\n<p style=\"text-align:center\">4.&nbsp;&nbsp;&nbsp;&nbsp;&nbsp;&nbsp;&nbsp; wykluczenia z Towarzystwa na podstawie postanowienia S\u0105du Kole\u017ce\u0144skiego za dzia\u0142alno\u015b\u0107 na szkod\u0119 Towarzystwa lub naruszenie etyki numizmatyka. Od tego postanowienia przys\u0142uguje cz\u0142onkowi odwo\u0142anie w terminie 1 miesi\u0105ca od daty jej otrzymania, do Walnego Zjazdu Delegat\u00f3w Towarzystwa.<\/p>\n\n\n\n<p style=\"text-align:center\">5.&nbsp;&nbsp;&nbsp;&nbsp;&nbsp;&nbsp;&nbsp; \u015bmierci cz\u0142onka lub utraty osobowo\u015bci prawnej przez cz\u0142onka wspieraj\u0105cego.<\/p>\n\n\n\n<p style=\"text-align:center\">Rozdzia\u0142 IV<br>W\u0142adze Naczelne Towarzystwa<\/p>\n\n\n\n<p style=\"text-align:center\">\u00a7 17<\/p>\n\n\n\n<p style=\"text-align:center\">1.&nbsp;&nbsp;&nbsp;&nbsp;&nbsp;&nbsp;&nbsp; W\u0142adzami naczelnymi Towarzystwa s\u0105:<\/p>\n\n\n\n<p style=\"text-align:center\">1.&nbsp;&nbsp;&nbsp;&nbsp;&nbsp;&nbsp;&nbsp; Walny Zjazd Delegat\u00f3w Towarzystwa,<\/p>\n\n\n\n<p style=\"text-align:center\">2.&nbsp;&nbsp;&nbsp;&nbsp;&nbsp;&nbsp;&nbsp; Zarz\u0105d G\u0142\u00f3wny,<\/p>\n\n\n\n<p style=\"text-align:center\">3.&nbsp;&nbsp;&nbsp;&nbsp;&nbsp;&nbsp;&nbsp; G\u0142\u00f3wna Komisja Rewizyjna,<\/p>\n\n\n\n<p style=\"text-align:center\">4.&nbsp;&nbsp;&nbsp;&nbsp;&nbsp;&nbsp;&nbsp; S\u0105d Kole\u017ce\u0144ski.<\/p>\n\n\n\n<p style=\"text-align:center\">2.&nbsp;&nbsp;&nbsp;&nbsp;&nbsp;&nbsp;&nbsp; Kadencja wszystkich w\u0142adz trwa cztery lata, a ich wyb\u00f3r odbywa si\u0119 w g\u0142osowaniu jawnym lub tajnym, zgodnie z uchwa\u0142\u0105 Walnego Zjazdu delegat\u00f3w Towarzystwa.<\/p>\n\n\n\n<p style=\"text-align:center\">3.&nbsp;&nbsp;&nbsp;&nbsp;&nbsp;&nbsp;&nbsp; Cz\u0142onkowie w\u0142adz pe\u0142ni\u0105 swoje funkcje honorowo.<\/p>\n\n\n\n<p style=\"text-align:center\">4.&nbsp;&nbsp;&nbsp;&nbsp;&nbsp;&nbsp;&nbsp; W\u0142adze Towarzystwa wymienione w pkt. 2-4 konstytuuj\u0105 si\u0119 bezpo\u015brednio po wyborach, nie p\u00f3\u017aniej jednak ni\u017c w ci\u0105gu miesi\u0105ca od daty wybor\u00f3w.<\/p>\n\n\n\n<p style=\"text-align:center\">\u00a7 18<\/p>\n\n\n\n<p style=\"text-align:center\">Walny Zjazd Delegat\u00f3w Towarzystwa jest najwy\u017csz\u0105 w\u0142adz\u0105 Towarzystwa i mo\u017ce by\u0107 zwyczajny lub nadzwyczajny.<\/p>\n\n\n\n<p style=\"text-align:center\">\u00a7 19<\/p>\n\n\n\n<p style=\"text-align:center\">Zwyczajny Walny Zjazd Sprawozdawczy Delegat\u00f3w Towarzystwa odbywa si\u0119 co dwa lata, Sprawozdawczo-Wyborczy co cztery lata.<\/p>\n\n\n\n<p style=\"text-align:center\">\u00a7 20<\/p>\n\n\n\n<p style=\"text-align:center\">Walny Zjazd Delegat\u00f3w Towarzystwa zwo\u0142ywany jest przez Zarz\u0105d G\u0142\u00f3wny, kt\u00f3ry o terminie, miejscu i porz\u0105dku obrad Walnego Zjazdu zawiadamia delegat\u00f3w najp\u00f3\u017aniej na 30 dni przed ustalonym terminem.<\/p>\n\n\n\n<p style=\"text-align:center\">\u00a7 21<\/p>\n\n\n\n<p style=\"text-align:center\">1. &nbsp; &nbsp;Nadzwyczajny Walny Zjazd Delegat\u00f3w Towarzystwa zwo\u0142uje Zarz\u0105d G\u0142\u00f3wny:<\/p>\n\n\n\n<p style=\"text-align:center\">1.&nbsp;&nbsp;&nbsp;&nbsp;&nbsp;&nbsp;&nbsp; z w\u0142asnej inicjatywy,<\/p>\n\n\n\n<p style=\"text-align:center\">2.&nbsp;&nbsp;&nbsp;&nbsp;&nbsp;&nbsp;&nbsp; na \u017c\u0105danie G\u0142\u00f3wnej Komisji Rewizyjnej podj\u0119te zwyk\u0142\u0105 wi\u0119kszo\u015bci\u0105 g\u0142os\u00f3w przy pe\u0142nym sk\u0142adzie Komisji,<\/p>\n\n\n\n<p style=\"text-align:center\">3.&nbsp;&nbsp;&nbsp;&nbsp;&nbsp;&nbsp;&nbsp; na wniosek co najmniej 1\/10 og\u00f3lnej liczby cz\u0142onk\u00f3w Towarzystwa.<\/p>\n\n\n\n<p style=\"text-align:center\">2.&nbsp;&nbsp;&nbsp;&nbsp;&nbsp;&nbsp;&nbsp; Nadzwyczajny Walny Zjazd Delegat\u00f3w Towarzystwa powinien by\u0107 zwo\u0142any w terminie 60 dni od daty z\u0142o\u017cenia \u017c\u0105dania lub wniosku.<\/p>\n\n\n\n<p style=\"text-align:center\">3.&nbsp;&nbsp;&nbsp;&nbsp;&nbsp;&nbsp;&nbsp; Nadzwyczajny Walny Zjazd Delegat\u00f3w Towarzystwa obraduje nad sprawami, dla kt\u00f3rych zosta\u0142 zwo\u0142any.<\/p>\n\n\n\n<p style=\"text-align:center\">\u00a7 22<\/p>\n\n\n\n<p style=\"text-align:center\">1.&nbsp;&nbsp;&nbsp;&nbsp;&nbsp;&nbsp;&nbsp; Do kompetencji Walnego Zjazdu delegat\u00f3w Towarzystwa nale\u017cy:<\/p>\n\n\n\n<p style=\"text-align:center\">1.&nbsp;&nbsp;&nbsp;&nbsp;&nbsp;&nbsp;&nbsp; uchwalanie g\u0142\u00f3wnych kierunk\u00f3w dzia\u0142alno\u015bci merytorycznej i finansowej Towarzy\u00adstwa,<\/p>\n\n\n\n<p style=\"text-align:center\">2.&nbsp;&nbsp;&nbsp;&nbsp;&nbsp;&nbsp;&nbsp; rozpatrywanie i przyjmowanie sprawozda\u0144 z dzia\u0142alno\u015bci Zarz\u0105du G\u0142\u00f3wnego, G\u0142\u00f3wnej Komisji Rewizyjnej i S\u0105du Kole\u017ce\u0144skiego,<\/p>\n\n\n\n<p style=\"text-align:center\">3.&nbsp;&nbsp;&nbsp;&nbsp;&nbsp;&nbsp;&nbsp; udzielanie absolutorium ust\u0119puj\u0105cemu Zarz\u0105dowi G\u0142\u00f3wnemu na wniosek G\u0142\u00f3wnej Komisji Rewizyjnej,<\/p>\n\n\n\n<p style=\"text-align:center\">4.&nbsp;&nbsp;&nbsp;&nbsp;&nbsp;&nbsp;&nbsp; wyb\u00f3r prezesa i cz\u0142onk\u00f3w Zarz\u0105du G\u0142\u00f3wnego, G\u0142\u00f3wnej Komisji Rewizyjnej i S\u0105du Kole\u017ce\u0144skiego \u2013 w g\u0142osowaniu jawnym lub tajnym w zale\u017cno\u015bci od uchwa\u0142y Walnego Zjazdu,<\/p>\n\n\n\n<p style=\"text-align:center\">5.&nbsp;&nbsp;&nbsp;&nbsp;&nbsp;&nbsp;&nbsp; nadawanie i pozbawianie godno\u015bci cz\u0142onka honorowego,<\/p>\n\n\n\n<p style=\"text-align:center\">6.&nbsp;&nbsp;&nbsp;&nbsp;&nbsp;&nbsp;&nbsp; zatwierdzanie regulaminu G\u0142\u00f3wnej Komisji Rewizyjnej i S\u0105du Kole\u017ce\u0144skiego,<\/p>\n\n\n\n<p style=\"text-align:center\">7.&nbsp;&nbsp;&nbsp;&nbsp;&nbsp;&nbsp;&nbsp; podejmowanie uchwa\u0142 w sprawach sk\u0142adek cz\u0142onkowskich,<\/p>\n\n\n\n<p style=\"text-align:center\">8.&nbsp;&nbsp;&nbsp;&nbsp;&nbsp;&nbsp;&nbsp; podejmowanie uchwa\u0142 o zmianie Statutu,<\/p>\n\n\n\n<p style=\"text-align:center\">9.&nbsp;&nbsp;&nbsp;&nbsp;&nbsp;&nbsp;&nbsp; podejmowanie uchwa\u0142 o rozwi\u0105zaniu si\u0119 Towarzystwa oraz o przeznaczeniu jego maj\u0105tku,<\/p>\n\n\n\n<p style=\"text-align:center\">10.&nbsp;&nbsp;&nbsp;&nbsp; podejmowanie uchwa\u0142 w sprawach wniesionych pod obrady Walnego Zjazdu i dotycz\u0105cych dzia\u0142alno\u015bci Towarzystwa,<\/p>\n\n\n\n<p style=\"text-align:center\">11.&nbsp;&nbsp;&nbsp;&nbsp; Rozpatrywanie innych spraw przewidzianych w Statucie.<\/p>\n\n\n\n<p style=\"text-align:center\">2. &nbsp; &nbsp;Kompetencje wymienione w pkt. 2, 3, i 4 nale\u017c\u0105 wy\u0142\u0105cznie do Walnego Zjazdu Sprawozdawczo-wyborczego.<\/p>\n\n\n\n<p style=\"text-align:center\">\u00a7 23<\/p>\n\n\n\n<p style=\"text-align:center\">Uchwa\u0142y Walnego Zjazdu Delegat\u00f3w Towarzystwa w I terminie zapadaj\u0105 zwyk\u0142\u0105 wi\u0119kszo\u015bci\u0105 g\u0142os\u00f3w przy obecno\u015bci co najmniej po\u0142owy os\u00f3b uprawnionych do g\u0142osowania, w II terminie bez wzgl\u0119du na ilo\u015b\u0107 os\u00f3b obecnych.<\/p>\n\n\n\n<p style=\"text-align:center\">\u00a7 24<\/p>\n\n\n\n<p style=\"text-align:center\">1.&nbsp;&nbsp;&nbsp;&nbsp;&nbsp;&nbsp;&nbsp; W Walnym Zje\u017adzie Delegat\u00f3w Towarzystwa bior\u0105 udzia\u0142:<\/p>\n\n\n\n<p style=\"text-align:center\">1.&nbsp;&nbsp;&nbsp;&nbsp;&nbsp;&nbsp;&nbsp; z g\u0142osem stanowi\u0105cym \u2013 delegaci wybrani przez Walne Zebranie Cz\u0142onk\u00f3w Oddzia\u0142u wed\u0142ug klucza wyborczego uchwalonego przez Prezydium Zarz\u0105du G\u0142\u00f3wnego.<\/p>\n\n\n\n<p style=\"text-align:center\">2.&nbsp;&nbsp;&nbsp;&nbsp;&nbsp;&nbsp;&nbsp; z g\u0142osem doradczym \u2013 cz\u0142onkowie w\u0142adz naczelnych okre\u015blonych w \u00a7 17 ust. 1 pkt. 2-4 i prezesi Oddzia\u0142\u00f3w, kt\u00f3rzy nie zostali wybrani delegatami oraz zaproszeni go\u015bcie.<\/p>\n\n\n\n<p style=\"text-align:center\">2.&nbsp;&nbsp;&nbsp;&nbsp;&nbsp;&nbsp;&nbsp; Liczb\u0119 delegat\u00f3w bior\u0105cych udzia\u0142 w Zwyczajnym Walnym Zje\u017adzie Delegat\u00f3w PTN z danego oddzia\u0142u okre\u015bla si\u0119 w nast\u0119puj\u0105cy spos\u00f3b:<\/p>\n\n\n\n<p style=\"text-align:center\">a)&nbsp;&nbsp;&nbsp;&nbsp; oddzia\u0142y licz\u0105ce od 1 do 35 cz\u0142onk\u00f3w wybieraj\u0105 jednego delegata,<\/p>\n\n\n\n<p style=\"text-align:center\">b)&nbsp;&nbsp;&nbsp;&nbsp; oddzia\u0142y licz\u0105ce od 36 do 70 cz\u0142onk\u00f3w wybieraj\u0105 od jednego do dw\u00f3ch delegat\u00f3w,<\/p>\n\n\n\n<p style=\"text-align:center\">c)&nbsp;&nbsp;&nbsp;&nbsp; oddzia\u0142y licz\u0105ce od 71 do 105 cz\u0142onk\u00f3w wybieraj\u0105 od jednego do trzech delegat\u00f3w,<\/p>\n\n\n\n<p style=\"text-align:center\">d)&nbsp;&nbsp;&nbsp;&nbsp; oddzia\u0142y licz\u0105ce od 106 do 210 cz\u0142onk\u00f3w wybieraj\u0105 od jednego do pi\u0119ciu delegat\u00f3w,<\/p>\n\n\n\n<p style=\"text-align:center\">e)&nbsp;&nbsp;&nbsp;&nbsp; oddzia\u0142y licz\u0105ce powy\u017cej 210 cz\u0142onk\u00f3w wybieraj\u0105 od jednego do siedmiu delegat\u00f3w\u201d<\/p>\n\n\n\n<p style=\"text-align:center\">Mandat delegata na Zwyczajny Walny Zjazd Delegat\u00f3w Towarzystwa utrzymuje sw\u0105 wa\u017cno\u015b\u0107 do najbli\u017cszego Zwyczajnego Walnego Zjazdu Delegat\u00f3w Towarzystwa.<\/p>\n\n\n\n<p style=\"text-align:center\">Zarz\u0105d G\u0142\u00f3wny<\/p>\n\n\n\n<p style=\"text-align:center\">\u00a7 25<\/p>\n\n\n\n<p style=\"text-align:center\">1. &nbsp; Zarz\u0105d G\u0142\u00f3wny sk\u0142ada si\u0119 z prezesa oraz maksymalnie 14 cz\u0142onk\u00f3w, w tym:<\/p>\n\n\n\n<p style=\"text-align:center\">\u2013 dw\u00f3ch wiceprezes\u00f3w,<\/p>\n\n\n\n<p style=\"text-align:center\">&nbsp;&nbsp;&nbsp;&nbsp;&nbsp;&nbsp;&nbsp; \u2013 sekretarza generalnego i jego zast\u0119pcy,<\/p>\n\n\n\n<p style=\"text-align:center\">&nbsp;&nbsp;&nbsp;&nbsp;&nbsp;&nbsp;&nbsp; \u2013 skarbnika i jego zast\u0119pcy,<\/p>\n\n\n\n<p style=\"text-align:center\">&nbsp;&nbsp;&nbsp;&nbsp;&nbsp;&nbsp;&nbsp; \u2013 redaktora naczelnego wydawnictw i jego zast\u0119pcy.<\/p>\n\n\n\n<p style=\"text-align:center\">2. &nbsp; Zarz\u0105d G\u0142\u00f3wny powo\u0142uje ze swego grona Prezydium Zarz\u0105du G\u0142\u00f3wnego. Sk\u0142ad Prezydium i podzia\u0142 funkcji w Zarz\u0105dzie G\u0142\u00f3wnym (za wyj\u0105tkiem Prezesa) mo\u017ce by\u0107 zmieniany przez Zarz\u0105d G\u0142\u00f3wny w toku jego kadencji.<\/p>\n\n\n\n<p style=\"text-align:center\">3. &nbsp; Prezydium Zarz\u0105du G\u0142\u00f3wnego sk\u0142ada si\u0119 z:<\/p>\n\n\n\n<p style=\"text-align:center\">\u2013 prezesa,<\/p>\n\n\n\n<p style=\"text-align:center\">&nbsp;&nbsp;&nbsp;&nbsp;&nbsp;&nbsp;&nbsp; \u2013 sekretarza generalnego,<\/p>\n\n\n\n<p style=\"text-align:center\">&nbsp;&nbsp;&nbsp;&nbsp;&nbsp;&nbsp;&nbsp; \u2013 skarbnika,<\/p>\n\n\n\n<p style=\"text-align:center\">&nbsp;&nbsp;&nbsp;&nbsp;&nbsp;&nbsp;&nbsp; \u2013 redaktora naczelnego wydawnictw.<\/p>\n\n\n\n<p style=\"text-align:center\">4.&nbsp;&nbsp;&nbsp;&nbsp;&nbsp;&nbsp;&nbsp; Cz\u0142onkostwa w Zarz\u0105dzie G\u0142\u00f3wnym nie mo\u017cna \u0142\u0105czy\u0107 z funkcj\u0105 w G\u0142\u00f3wnej Komisji Rewizyjnej ani w S\u0105dzie Kole\u017ce\u0144skim.<\/p>\n\n\n\n<p style=\"text-align:center\">\u00a7 26<\/p>\n\n\n\n<p style=\"text-align:center\">1. &nbsp; Do kompetencji Zarz\u0105du G\u0142\u00f3wnego nale\u017cy:<\/p>\n\n\n\n<p style=\"text-align:center\">1.&nbsp;&nbsp;&nbsp;&nbsp;&nbsp;&nbsp;&nbsp; reprezentowanie Towarzystwa na zewn\u0105trz i dzia\u0142anie w jego imieniu,<\/p>\n\n\n\n<p style=\"text-align:center\">2.&nbsp;&nbsp;&nbsp;&nbsp;&nbsp;&nbsp;&nbsp; kierowanie dzia\u0142alno\u015bci\u0105 Towarzystwa zgodnie z postanowieniami Statutu oraz uchwa\u0142ami i wytycznymi Walnego Zjazdu Delegat\u00f3w Towarzystwa,<\/p>\n\n\n\n<p style=\"text-align:center\">3.&nbsp;&nbsp;&nbsp;&nbsp;&nbsp;&nbsp;&nbsp; powo\u0142ywanie zgodnie z \u00a7 38 pkt.1-4 Statutu i rozwi\u0105zywanie w przypadku braku realizacji cel\u00f3w statutowych Oddzia\u0142\u00f3w Towarzystwa oraz nadzorowanie ich dzia\u0142alno\u015bci,<\/p>\n\n\n\n<p style=\"text-align:center\">4.&nbsp;&nbsp;&nbsp;&nbsp;&nbsp;&nbsp;&nbsp; zawieszanie lub odwo\u0142ywanie Zarz\u0105d\u00f3w Oddzia\u0142\u00f3w lub jego cz\u0142onk\u00f3w w przypadku naruszenia Statutu lub nie realizowania uchwa\u0142 i wytycznych w\u0142adz naczelnych Towarzystwa oraz powo\u0142ywanie Zarz\u0105du Tymczasowego Oddzia\u0142u,<\/p>\n\n\n\n<p style=\"text-align:center\">5.&nbsp;&nbsp;&nbsp;&nbsp;&nbsp;&nbsp;&nbsp; zawieszanie uchwa\u0142 Walnego Zebrania Cz\u0142onk\u00f3w Oddzia\u0142u oraz uchwa\u0142 Zarz\u0105du Oddzia\u0142u w razie ich sprzeczno\u015bci z przepisami prawa i postanowieniami Statutu Towarzystwa oraz uchwa\u0142ami i wytycznymi w\u0142adz naczelnych,<\/p>\n\n\n\n<p style=\"text-align:center\">6.&nbsp;&nbsp;&nbsp;&nbsp;&nbsp;&nbsp;&nbsp; powo\u0142ywanie komisji specjalistycznych i zespo\u0142\u00f3w roboczych,<\/p>\n\n\n\n<p style=\"text-align:center\">7.&nbsp;&nbsp;&nbsp;&nbsp;&nbsp;&nbsp;&nbsp; przyznawanie wyr\u00f3\u017cnie\u0144, nagr\u00f3d rzeczowych i pieni\u0119\u017cnych osobom, kt\u00f3re po\u0142o\u017c\u0105 zas\u0142ugi dla popularyzacji numizmatyki zgodnie z uchwalonym regulaminem,<\/p>\n\n\n\n<p style=\"text-align:center\">8.&nbsp;&nbsp;&nbsp;&nbsp;&nbsp;&nbsp;&nbsp; powo\u0142ywanie i odwo\u0142ywanie cz\u0142onk\u00f3w Prezydium z wy\u0142\u0105czeniem prezesa,<\/p>\n\n\n\n<p style=\"text-align:center\">9.&nbsp;&nbsp;&nbsp;&nbsp;&nbsp;&nbsp;&nbsp; w przypadku ust\u0105pienia w toku kadencji prezesa Zarz\u0105du G\u0142\u00f3wnego, wyb\u00f3r z grona cz\u0142onk\u00f3w Zarz\u0105du G\u0142\u00f3wnego pe\u0142ni\u0105cego obowi\u0105zki prezesa do czasu nowego wyboru przez najbli\u017cszy Walny Zjazd Delegat\u00f3w Towarzystwa,<\/p>\n\n\n\n<p style=\"text-align:center\">10.&nbsp;&nbsp;&nbsp;&nbsp; przyjmowanie sprawozda\u0144 z dzia\u0142alno\u015bci Prezydium Zarz\u0105du G\u0142\u00f3wnego oraz zawieszanie uchwa\u0142 Prezydium niezgodnych ze Statutem oraz uchwa\u0142ami i wytycznymi Walnego Zjazdu Delegat\u00f3w Towarzystwa oraz kontrola jego wykonania,<\/p>\n\n\n\n<p style=\"text-align:center\">11.&nbsp;&nbsp;&nbsp;&nbsp; uchwalanie planu finansowego i jego wykonanie oraz zatwierdzanie bilans\u00f3w rocznych,<\/p>\n\n\n\n<p style=\"text-align:center\">12.&nbsp;&nbsp;&nbsp;&nbsp; uchwalanie regulamin\u00f3w wewn\u0119trznych,<\/p>\n\n\n\n<p style=\"text-align:center\">13.&nbsp;&nbsp;&nbsp;&nbsp; zwo\u0142ywanie Walnych Zjazd\u00f3w Delegat\u00f3w Towarzystwa,<\/p>\n\n\n\n<p style=\"text-align:center\">14.&nbsp;&nbsp;&nbsp;&nbsp; opracowywanie i przedk\u0142adanie Walnemu Zjazdowi Delegat\u00f3w Towarzystwa sprawozda\u0144 ze swej dzia\u0142alno\u015bci,<\/p>\n\n\n\n<p style=\"text-align:center\">15.&nbsp;&nbsp;&nbsp;&nbsp; rozpatrywanie odwo\u0142a\u0144 cz\u0142onk\u00f3w od uchwa\u0142 Zarz\u0105du Oddzia\u0142u o wykluczeniu z szereg\u00f3w Towarzystwa,<\/p>\n\n\n\n<p style=\"text-align:center\">16.&nbsp;&nbsp;&nbsp;&nbsp; powo\u0142ywanie ekspert\u00f3w w dziedzinie numizmatyki,<\/p>\n\n\n\n<p style=\"text-align:center\">17.&nbsp;&nbsp;&nbsp;&nbsp; podejmowanie uchwa\u0142 w sprawach, kt\u00f3rych realizacj\u0119 zaleci Zarz\u0105dowi G\u0142\u00f3wnemu Walny Zjazd Delegat\u00f3w Towarzystwa.<\/p>\n\n\n\n<p style=\"text-align:center\">18.&nbsp;&nbsp;&nbsp;&nbsp; organizowanie w miar\u0119 potrzeb mi\u0119dzy Walnymi Zjazdami Delegat\u00f3w Towarzystwa narad Prezes\u00f3w Oddzia\u0142\u00f3w lub Prezes\u00f3w Oddzia\u0142\u00f3w i K\u00f3\u0142,<\/p>\n\n\n\n<p style=\"text-align:center\">19.&nbsp;&nbsp;&nbsp;&nbsp; podejmowanie uchwa\u0142 w zakresie przekszta\u0142cenia Oddzia\u0142u w Ko\u0142o Towarzystwa w sytuacji gdy liczba cz\u0142onk\u00f3w przez 3 lata nie przekroczy 10 os\u00f3b i przyporz\u0105dkowanie tak powsta\u0142ego Ko\u0142a do odpowiedniego Oddzia\u0142u.<\/p>\n\n\n\n<p style=\"text-align:center\">2.&nbsp;&nbsp;&nbsp;&nbsp;&nbsp;&nbsp;&nbsp; W imieniu Zarz\u0105du G\u0142\u00f3wnego Towarzystwo reprezentuj\u0105, z zastrze\u017ceniem \u00a7 56, prezes lub jeden z wiceprezes\u00f3w oraz sekretarz generalny lub jego zast\u0119pca, b\u0105d\u017a inny cz\u0142onek Prezydium upowa\u017cniony do tego przez Zarz\u0105d G\u0142\u00f3wny.<\/p>\n\n\n\n<p style=\"text-align:center\">\u00a7 27<\/p>\n\n\n\n<p style=\"text-align:center\">1.&nbsp;&nbsp;&nbsp;&nbsp;&nbsp;&nbsp;&nbsp; Uchwa\u0142y Zarz\u0105du G\u0142\u00f3wnego zapadaj\u0105 zwyk\u0142\u0105 wi\u0119kszo\u015bci\u0105 g\u0142os\u00f3w, przy obecno\u015bci co najmniej po\u0142owy cz\u0142onk\u00f3w, w tym prezesa oraz sekretarza generalnego lub ich zast\u0119pc\u00f3w.<\/p>\n\n\n\n<p style=\"text-align:center\">2.&nbsp;&nbsp;&nbsp;&nbsp;&nbsp;&nbsp;&nbsp; W razie r\u00f3wno\u015bci g\u0142os\u00f3w rozstrzyga g\u0142os przewodnicz\u0105cego zebrania.<\/p>\n\n\n\n<p style=\"text-align:center\">\u00a7 28<\/p>\n\n\n\n<p style=\"text-align:center\">1.&nbsp;&nbsp;&nbsp;&nbsp;&nbsp;&nbsp;&nbsp; Posiedzenia Zarz\u0105du G\u0142\u00f3wnego odbywaj\u0105 si\u0119 zgodnie z potrzebami, nie rzadziej ni\u017c raz na p\u00f3\u0142 roku.<\/p>\n\n\n\n<p style=\"text-align:center\">2.&nbsp;&nbsp;&nbsp;&nbsp;&nbsp;&nbsp;&nbsp; Posiedzenia Zarz\u0105du G\u0142\u00f3wnego zwo\u0142uje prezes lub zast\u0119puj\u0105cy go wiceprezes.<\/p>\n\n\n\n<p style=\"text-align:center\">3.&nbsp;&nbsp;&nbsp;&nbsp;&nbsp;&nbsp;&nbsp; O terminie, miejscu i porz\u0105dku obrad Zarz\u0105du G\u0142\u00f3wnego nale\u017cy zawiadomi\u0107 cz\u0142onk\u00f3w co najmniej na 7 dni przed ustalonym terminem.<\/p>\n\n\n\n<p style=\"text-align:center\">\u00a7 29<\/p>\n\n\n\n<p style=\"text-align:center\">Zarz\u0105d G\u0142\u00f3wny ma prawo dokooptowa\u0107 na wakuj\u0105ce miejsca nowych cz\u0142onk\u00f3w w liczbie nie wi\u0119kszej jak 1\/3 os\u00f3b pochodz\u0105cych z wyboru.<\/p>\n\n\n\n<p style=\"text-align:center\">\u00a7 30<\/p>\n\n\n\n<p style=\"text-align:center\">1.&nbsp;&nbsp;&nbsp;&nbsp;&nbsp;&nbsp;&nbsp; W okresie pomi\u0119dzy posiedzeniami Zarz\u0105du G\u0142\u00f3wnego dzia\u0142alno\u015bci\u0105 Towarzystwa kieruje Prezydium Zarz\u0105du G\u0142\u00f3wnego w zakresie:<\/p>\n\n\n\n<p style=\"text-align:center\">1.&nbsp;&nbsp;&nbsp;&nbsp;&nbsp;&nbsp;&nbsp; \u00a7 26 ust. 1 pkt. 1-7 oraz regulaminu czynno\u015bci Prezydium uchwalonym przez Zarz\u0105d G\u0142\u00f3wny,<\/p>\n\n\n\n<p style=\"text-align:center\">2.&nbsp;&nbsp;&nbsp;&nbsp;&nbsp;&nbsp;&nbsp; przyjmowania w poczet cz\u0142onk\u00f3w Towarzystwa obywateli pa\u0144stw obcych oraz cz\u0142onk\u00f3w wspieraj\u0105cych,<\/p>\n\n\n\n<p style=\"text-align:center\">2. \u00a0 \u00a0 Podj\u0119te przez Prezydium Zarz\u0105du G\u0142\u00f3wnego uchwa\u0142y wymagaj\u0105 zatwierdzenia przez Zarz\u0105d G\u0142\u00f3wny na najbli\u017cszym posiedzeniu. Brak zatwierdzenia powoduje ich niewa\u017cno\u015b\u0107.<\/p>\n\n\n\n<p style=\"text-align:center\">\u00a7 31<\/p>\n\n\n\n<p style=\"text-align:center\">Posiedzenia Prezydium Zarz\u0105du G\u0142\u00f3wnego odbywaj\u0105 si\u0119 zgodnie z potrzebami, nie rzadziej jednak ni\u017c raz na kwarta\u0142.<\/p>\n\n\n\n<p style=\"text-align:center\">G\u0142\u00f3wna Komisja Rewizyjna<\/p>\n\n\n\n<p style=\"text-align:center\">\u00a7 32<\/p>\n\n\n\n<p style=\"text-align:center\">1. &nbsp; &nbsp;G\u0142\u00f3wna Komisja Rewizyjna sk\u0142ada si\u0119 z 5 cz\u0142onk\u00f3w, spo\u015br\u00f3d kt\u00f3rych wybiera przewodnicz\u0105cego i sekretarza.<\/p>\n\n\n\n<p style=\"text-align:center\">2. &nbsp; Uchwa\u0142y G\u0142\u00f3wnej Komisji Rewizyjnej zapadaj\u0105 przy obecno\u015bci co najmniej 3 cz\u0142onk\u00f3w G\u0142\u00f3wnej Komisji Rewizyjnej w tym przewodnicz\u0105cego lub sekretarza.<br>Do wykonywania czynno\u015bci G\u0142\u00f3wnej Komisji Rewizyjnej wymagana jest obecno\u015b\u0107 2 cz\u0142onk\u00f3w lub przewodnicz\u0105cego.<\/p>\n\n\n\n<p style=\"text-align:center\">3. &nbsp; W razie zdekompletowania si\u0119 cz\u0142onk\u00f3w G\u0142\u00f3wnej Komisji Rewizyjnej w toku kadencji, G\u0142\u00f3wna Komisja Rewizyjna mo\u017ce dokooptowa\u0107 na wakuj\u0105ce miejsce nowych cz\u0142onk\u00f3w, nie wi\u0119cej jednak ni\u017c dw\u00f3ch.<\/p>\n\n\n\n<p style=\"text-align:center\">\u00a7 33<\/p>\n\n\n\n<p style=\"text-align:center\">1. &nbsp; &nbsp; Do kompetencji G\u0142\u00f3wnej Komisji Rewizyjnej nale\u017cy:<\/p>\n\n\n\n<p style=\"text-align:center\">1.&nbsp;&nbsp;&nbsp;&nbsp;&nbsp;&nbsp;&nbsp; badanie co najmniej raz w roku ca\u0142okszta\u0142tu dzia\u0142alno\u015bci Towarzystwa ze szczeg\u00f3lnym uwzgl\u0119dnieniem gospodarki finansowej pod wzgl\u0119dem celowo\u015bci, prawid\u0142owo\u015bci i rzetelno\u015bci oraz sporz\u0105dzenie z przeprowadzonej kontroli protok\u00f3\u0142u,<\/p>\n\n\n\n<p style=\"text-align:center\">2.&nbsp;&nbsp;&nbsp;&nbsp;&nbsp;&nbsp;&nbsp; wyst\u0119powanie do Zarz\u0105du G\u0142\u00f3wnego z wnioskami wynikaj\u0105cymi z kontroli oraz \u017c\u0105daniem wyja\u015bnie\u0144,<\/p>\n\n\n\n<p style=\"text-align:center\">3.&nbsp;&nbsp;&nbsp;&nbsp;&nbsp;&nbsp;&nbsp; sprawowanie nadzoru nad dzia\u0142alno\u015bci\u0105 Komisji Rewizyjnych w Oddzia\u0142ach oraz uchylanie nies\u0142usznych lub sprzecznych ze Statutem ich wniosk\u00f3w pokontrolnych.<\/p>\n\n\n\n<p style=\"text-align:center\">2.&nbsp;&nbsp;&nbsp;&nbsp;&nbsp;&nbsp;&nbsp; Szczeg\u00f3\u0142owy tryb post\u0119powania G\u0142\u00f3wnej Komisji Rewizyjnej okre\u015bla regulamin zatwierdzony przez Walny Zjazd Delegat\u00f3w Towarzystwa.<\/p>\n\n\n\n<p style=\"text-align:center\">\u00a7 34<\/p>\n\n\n\n<p style=\"text-align:center\">Przewodnicz\u0105cy G\u0142\u00f3wnej Komisji Rewizyjnej lub upowa\u017cniony przez niego cz\u0142onek ma prawo uczestniczenia w posiedzeniach Zarz\u0105du G\u0142\u00f3wnego i Prezydium z g\u0142osem doradczym.<\/p>\n\n\n\n<p style=\"text-align:center\">S\u0105d Kole\u017ce\u0144ski<\/p>\n\n\n\n<p style=\"text-align:center\">\u00a7 35<\/p>\n\n\n\n<p style=\"text-align:center\">1.&nbsp;&nbsp;&nbsp;&nbsp;&nbsp;&nbsp;&nbsp; S\u0105d Kole\u017ce\u0144ski sk\u0142ada si\u0119 z 5 cz\u0142onk\u00f3w, spo\u015br\u00f3d kt\u00f3rych wybiera przewodnicz\u0105cego i sekretarza.<\/p>\n\n\n\n<p style=\"text-align:center\">2.&nbsp;&nbsp;&nbsp;&nbsp;&nbsp;&nbsp;&nbsp; W razie zdekompletowania si\u0119 S\u0105du Kole\u017ce\u0144skiego w toku jego kadencji, S\u0105d Kole\u017ce\u0144ski mo\u017ce dokooptowa\u0107 na ich miejsce nowych cz\u0142onk\u00f3w, nie wi\u0119cej jednak ni\u017c dw\u00f3ch.<\/p>\n\n\n\n<p style=\"text-align:center\">\u00a7 36<\/p>\n\n\n\n<p style=\"text-align:center\">Do kompetencji S\u0105du Kole\u017ce\u0144skiego nale\u017cy:<\/p>\n\n\n\n<p style=\"text-align:center\">1.&nbsp;&nbsp;&nbsp;&nbsp;&nbsp;&nbsp;&nbsp; orzekanie w sprawach wniesionych przeciwko cz\u0142onkom o dzia\u0142alno\u015b\u0107 na szkod\u0119 Towarzystwa lub naruszenie etyki numizmatyka,<\/p>\n\n\n\n<p style=\"text-align:center\">2.&nbsp;&nbsp;&nbsp;&nbsp;&nbsp;&nbsp;&nbsp; rozpatrywanie spor\u00f3w powsta\u0142ych pomi\u0119dzy cz\u0142onkami a w\u0142adzami Towarzystwa w sprawach dotycz\u0105cych Towarzystwa.<\/p>\n\n\n\n<p style=\"text-align:center\">\u00a7 37<\/p>\n\n\n\n<p style=\"text-align:center\">1.&nbsp;&nbsp;&nbsp;&nbsp;&nbsp;&nbsp;&nbsp; S\u0105d Kole\u017ce\u0144ski Polskiego Towarzystwa Numizmatycznego wymierza jedn\u0105 z nast\u0119puj\u0105cych kar:<\/p>\n\n\n\n<p style=\"text-align:center\">1.&nbsp;&nbsp;&nbsp;&nbsp;&nbsp;&nbsp;&nbsp; nagan\u0119,<\/p>\n\n\n\n<p style=\"text-align:center\">2.&nbsp;&nbsp;&nbsp;&nbsp;&nbsp;&nbsp;&nbsp; zakaz sprawowania funkcji we w\u0142adzach PTN na okres do lat czterech lub na okres ko\u0144cz\u0105cy kadencj\u0119,<\/p>\n\n\n\n<p style=\"text-align:center\">3.&nbsp;&nbsp;&nbsp;&nbsp;&nbsp;&nbsp;&nbsp; zawieszenie w prawach cz\u0142onka na okres do lat czterech,<\/p>\n\n\n\n<p style=\"text-align:center\">4.&nbsp;&nbsp;&nbsp;&nbsp;&nbsp;&nbsp;&nbsp; wykluczenia z szeregu cz\u0142onk\u00f3w Polskiego Towarzystwa Numizmatycznego.<\/p>\n\n\n\n<p style=\"text-align:center\">2.&nbsp;&nbsp;&nbsp;&nbsp;&nbsp;&nbsp;&nbsp; Szczeg\u00f3\u0142owy tryb post\u0119powania S\u0105du Kole\u017ce\u0144skiego, a tak\u017ce uprawnienia i obowi\u0105zki stron, post\u0119powanie odwo\u0142awcze okre\u015bla regulamin uchwalony przez Walny Zjazd delegat\u00f3w Towarzystwa.<\/p>\n\n\n\n<p style=\"text-align:center\">Rozdzia\u0142 V<br>Oddzia\u0142y Towarzystwa<\/p>\n\n\n\n<p style=\"text-align:center\">\u00a7 38<\/p>\n\n\n\n<p style=\"text-align:center\">1.&nbsp;&nbsp;&nbsp;&nbsp;&nbsp;&nbsp;&nbsp; Terenow\u0105 jednostk\u0105 organizacyjn\u0105 Towarzystwa jest Oddzia\u0142, podlegaj\u0105cy bezpo\u015brednio Zarz\u0105dowi G\u0142\u00f3wnemu.<\/p>\n\n\n\n<p style=\"text-align:center\">2.&nbsp;&nbsp;&nbsp;&nbsp;&nbsp;&nbsp;&nbsp; Oddzia\u0142y Towarzystwa powstaj\u0105 na podstawie uchwa\u0142y Zarz\u0105du G\u0142\u00f3wnego.<\/p>\n\n\n\n<p style=\"text-align:center\">3.&nbsp;&nbsp;&nbsp;&nbsp;&nbsp;&nbsp;&nbsp; Do powo\u0142ania Oddzia\u0142u wymagany jest wniosek co najmniej 15 cz\u0142onk\u00f3w, kt\u00f3rzy wcze\u015bniej co najmniej przez rok zorganizowani byli w kole Towarzystwa w siedzibie maj\u0105cego powsta\u0107 Oddzia\u0142u i wykazali si\u0119 realizacj\u0105 statutowych cel\u00f3w Towarzystwa.<\/p>\n\n\n\n<p style=\"text-align:center\">4.&nbsp;&nbsp;&nbsp;&nbsp;&nbsp;&nbsp;&nbsp; Teren dzia\u0142ania Oddzia\u0142u okre\u015bla w uchwale powo\u0142uj\u0105cej Zarz\u0105d G\u0142\u00f3wny.<\/p>\n\n\n\n<p style=\"text-align:center\">5.&nbsp;&nbsp;&nbsp;&nbsp;&nbsp;&nbsp;&nbsp; Oddzia\u0142 mo\u017ce powo\u0142ywa\u0107 na terenie swojego dzia\u0142ania poza siedzib\u0105 Ko\u0142a Towarzystwa na zasadach okre\u015blonych w Rozdziale VI Statutu.<\/p>\n\n\n\n<p style=\"text-align:center\">6.&nbsp;&nbsp;&nbsp;&nbsp;&nbsp;&nbsp;&nbsp; Oddzia\u0142 mo\u017ce powo\u0142a\u0107 na swoim terenie m\u0142odzie\u017cowe ko\u0142a mi\u0142o\u015bnik\u00f3w numizmatyki, nad kt\u00f3rymi sprawuje patronat w spos\u00f3b uchwalony przez Zarz\u0105d Oddzia\u0142u. O powo\u0142aniu takiego ko\u0142a Zarz\u0105d Oddzia\u0142u powiadamia niezw\u0142ocznie Zarz\u0105d G\u0142\u00f3wny.<\/p>\n\n\n\n<p style=\"text-align:center\">7.&nbsp;&nbsp;&nbsp;&nbsp;&nbsp;&nbsp;&nbsp; Dla wa\u017cno\u015bci o\u015bwiadcze\u0144, w tym w zakresie praw i obowi\u0105zk\u00f3w maj\u0105tkowych oddzia\u0142u wymagane s\u0105 dwa podpisy cz\u0142onk\u00f3w Oddzia\u0142u, w tym prezesa lub wiceprezesa i skarbnika.<\/p>\n\n\n\n<p style=\"text-align:center\">\u00a7 39<\/p>\n\n\n\n<p style=\"text-align:center\">1.&nbsp;&nbsp;&nbsp;&nbsp;&nbsp;&nbsp;&nbsp; W\u0142adzami Oddzia\u0142u s\u0105:<\/p>\n\n\n\n<p style=\"text-align:center\">1.&nbsp;&nbsp;&nbsp;&nbsp;&nbsp;&nbsp;&nbsp; Walne zebranie cz\u0142onk\u00f3w Oddzia\u0142u,<\/p>\n\n\n\n<p style=\"text-align:center\">2.&nbsp;&nbsp;&nbsp;&nbsp;&nbsp;&nbsp;&nbsp; Zarz\u0105d Oddzia\u0142u,<\/p>\n\n\n\n<p style=\"text-align:center\">3.&nbsp;&nbsp;&nbsp;&nbsp;&nbsp;&nbsp;&nbsp; Komisja Rewizyjna.<\/p>\n\n\n\n<p style=\"text-align:center\">2.&nbsp;&nbsp;&nbsp;&nbsp;&nbsp;&nbsp;&nbsp; Kadencja w\u0142adz Oddzia\u0142u wymienionych w ust. 1 pkt. 2 i 3 trwa 4 lata, a ich wyb\u00f3r odbywa si\u0119 w g\u0142osowaniu jawnym lub tajnym zgodnie z uchwa\u0142\u0105 Walnego Zebrania Cz\u0142onk\u00f3w Oddzia\u0142u.<\/p>\n\n\n\n<p style=\"text-align:center\">3.&nbsp;&nbsp;&nbsp;&nbsp;&nbsp;&nbsp;&nbsp; Cz\u0142onkowie w\u0142adz Oddzia\u0142u pe\u0142ni\u0105 swe funkcje spo\u0142ecznie.<\/p>\n\n\n\n<p style=\"text-align:center\">4.&nbsp;&nbsp;&nbsp;&nbsp;&nbsp;&nbsp;&nbsp; W\u0142adze Oddzia\u0142u wymienione w pkt. 2-3 konstytuuj\u0105 si\u0119 bezpo\u015brednio po wyborach, nie p\u00f3\u017aniej jednak ni\u017c w ci\u0105gu 30 dni od daty wyboru.<\/p>\n\n\n\n<p style=\"text-align:center\">\u00a7 40<\/p>\n\n\n\n<p style=\"text-align:center\">Walne Zebranie Cz\u0142onk\u00f3w Oddzia\u0142u jest najwy\u017csz\u0105 w\u0142adz\u0105 w Oddziale i mo\u017ce by\u0107 zwyczajne i nadzwyczajne.<\/p>\n\n\n\n<p style=\"text-align:center\">\u00a7 41<\/p>\n\n\n\n<p style=\"text-align:center\">1.&nbsp;&nbsp;&nbsp;&nbsp;&nbsp;&nbsp;&nbsp; Zwyczajne Walne Zebranie sprawozdawcze zwo\u0142uje Zarz\u0105d Oddzia\u0142u co roku, sprawozdawczo-wyborcze co 4 lata.<\/p>\n\n\n\n<p style=\"text-align:center\">2.&nbsp;&nbsp;&nbsp;&nbsp;&nbsp;&nbsp;&nbsp; O terminie, miejscu i porz\u0105dku dziennym Walnego Zebrania \u2013 Zarz\u0105d Oddzia\u0142u zawiadamia cz\u0142onk\u00f3w oraz Zarz\u0105d G\u0142\u00f3wny co najmniej na 7 dni przed ustalonym terminem.<\/p>\n\n\n\n<p style=\"text-align:center\">3.&nbsp;&nbsp;&nbsp;&nbsp;&nbsp;&nbsp;&nbsp; Uchwa\u0142y Walnego Zebrania Cz\u0142onk\u00f3w Oddzia\u0142u w I terminie zapadaj\u0105 zwyk\u0142\u0105 wi\u0119kszo\u015bci\u0105 g\u0142os\u00f3w przy obecno\u015bci co najmniej po\u0142owy os\u00f3b uprawnionych do g\u0142osowania, w II terminie bez wzgl\u0119du na ilo\u015b\u0107 os\u00f3b obecnych.<\/p>\n\n\n\n<p style=\"text-align:center\">4.&nbsp;&nbsp;&nbsp;&nbsp;&nbsp;&nbsp;&nbsp; O uchwa\u0142ach podj\u0119tych przez Walne Zebranie Cz\u0142onk\u00f3w Oddzia\u0142u, Zarz\u0105d Oddzia\u0142u powiadamia pisemnie Zarz\u0105d G\u0142\u00f3wny w terminie 14 dni od chwili ich podj\u0119cia.<\/p>\n\n\n\n<p style=\"text-align:center\">5.&nbsp;&nbsp;&nbsp;&nbsp;&nbsp;&nbsp;&nbsp; Do nadzwyczajnego Walnego Zebrania Cz\u0142onk\u00f3w Oddzia\u0142u stosuje si\u0119 odpowiednio przepisy \u00a7 21.<\/p>\n\n\n\n<p style=\"text-align:center\">\u00a7 42<\/p>\n\n\n\n<p style=\"text-align:center\">1.&nbsp;&nbsp;&nbsp;&nbsp;&nbsp;&nbsp;&nbsp; Do kompetencji Walnego Zebrania Cz\u0142onk\u00f3w Oddzia\u0142u nale\u017cy:<\/p>\n\n\n\n<p style=\"text-align:center\">1.&nbsp;&nbsp;&nbsp;&nbsp;&nbsp;&nbsp;&nbsp; uchwalanie kierunk\u00f3w dzia\u0142ania na swoim terenie zgodnie z postanowieniami Statutu oraz uchwa\u0142ami i wytycznymi w\u0142adz naczelnych Towarzystwa,<\/p>\n\n\n\n<p style=\"text-align:center\">2.&nbsp;&nbsp;&nbsp;&nbsp;&nbsp;&nbsp;&nbsp; przyj\u0119cie sprawozda\u0144 z dzia\u0142alno\u015bci Zarz\u0105du Oddzia\u0142u i Komisji Rewizyjnej Oddzia\u0142u,<\/p>\n\n\n\n<p style=\"text-align:center\">3.&nbsp;&nbsp;&nbsp;&nbsp;&nbsp;&nbsp;&nbsp; udzielenie absolutorium ust\u0119puj\u0105cemu Zarz\u0105dowi na wniosek Komisji Rewizyjnej Oddzia\u0142u,<\/p>\n\n\n\n<p style=\"text-align:center\">4.&nbsp;&nbsp;&nbsp;&nbsp;&nbsp;&nbsp;&nbsp; uchwalanie ilo\u015bci cz\u0142onk\u00f3w Zarz\u0105du i Komisji Rewizyjnej Oddzia\u0142u,<\/p>\n\n\n\n<p style=\"text-align:center\">5.&nbsp;&nbsp;&nbsp;&nbsp;&nbsp;&nbsp;&nbsp; wyb\u00f3r prezesa oraz cz\u0142onk\u00f3w Zarz\u0105du Oddzia\u0142u i Komisji Rewizyjnej Oddzia\u0142u w g\u0142osowaniu jawnym lub tajnym w zale\u017cno\u015bci od uchwa\u0142y Walnego Zebrania,<\/p>\n\n\n\n<p style=\"text-align:center\">6.&nbsp;&nbsp;&nbsp;&nbsp;&nbsp;&nbsp;&nbsp; wyb\u00f3r delegat\u00f3w na Walny Zjazd Delegat\u00f3w Towarzystwa,<\/p>\n\n\n\n<p style=\"text-align:center\">7.&nbsp;&nbsp;&nbsp;&nbsp;&nbsp;&nbsp;&nbsp; rozpatrywanie wniosk\u00f3w zg\u0142oszonych przez Zarz\u0105d i cz\u0142onk\u00f3w Oddzia\u0142u.<\/p>\n\n\n\n<p style=\"text-align:center\">2.&nbsp;&nbsp;&nbsp;&nbsp;&nbsp;&nbsp;&nbsp; Uchwa\u0142y podejmowane s\u0105 przez Walne Zebranie Cz\u0142onk\u00f3w Oddzia\u0142u w odniesieniu do \u00a7 10 Statutu ust.4, 5 i 10 wymagaj\u0105 dla swej wa\u017cno\u015bci zatwierdzenia przez Zarz\u0105d G\u0142\u00f3wny.<\/p>\n\n\n\n<p style=\"text-align:center\">3.&nbsp;&nbsp;&nbsp;&nbsp;&nbsp;&nbsp;&nbsp; Kompetencje wymienione w pkt. 2-6 nale\u017c\u0105 wy\u0142\u0105cznie do Walnego Zebrania Sprawozdawczo-wyborczego.<\/p>\n\n\n\n<p style=\"text-align:center\">\u00a7 43<\/p>\n\n\n\n<p style=\"text-align:center\">1.&nbsp;&nbsp;&nbsp;&nbsp;&nbsp;&nbsp;&nbsp; Zarz\u0105d Oddzia\u0142u sk\u0142ada si\u0119 z prezesa oraz 4-9 cz\u0142onk\u00f3w.<\/p>\n\n\n\n<p style=\"text-align:center\">2.&nbsp;&nbsp;&nbsp;&nbsp;&nbsp;&nbsp;&nbsp; Zarz\u0105d Oddzia\u0142u konstytuuje si\u0119 na pierwszym zebraniu po wyborach, wybieraj\u0105c ze swego grona cz\u0142onk\u00f3w funkcyjnych: wiceprezesa oraz sekretarza i skarbnika, a tak\u017ce w zale\u017cno\u015bci od potrzeb ich zast\u0119pc\u00f3w. Cz\u0142onkowie funkcyjni mog\u0105 by\u0107 zmieniani przez Zarz\u0105d Oddzia\u0142u w toku jego kadencji.<\/p>\n\n\n\n<p style=\"text-align:center\">3.&nbsp;&nbsp;&nbsp;&nbsp;&nbsp;&nbsp;&nbsp; W razie zdekompletowania si\u0119 Zarz\u0105du Oddzia\u0142u w toku kadencji, Zarz\u0105d Oddzia\u0142u mo\u017ce dokooptowa\u0107 na ich miejsce, nowych cz\u0142onk\u00f3w w liczbie nie wi\u0119kszej ni\u017c 1\/3 os\u00f3b pochodz\u0105cych z wyboru.<\/p>\n\n\n\n<p style=\"text-align:center\">4.&nbsp;&nbsp;&nbsp;&nbsp;&nbsp;&nbsp;&nbsp; W przypadku ust\u0105pienia w toku kadencji Prezesa Oddzia\u0142u, przepis \u00a7 26 ust. 1 pkt. 9 stosuje si\u0119 odpowiednio.<\/p>\n\n\n\n<p style=\"text-align:center\">\u00a7 44<\/p>\n\n\n\n<p style=\"text-align:center\">Do kompetencji Zarz\u0105du Oddzia\u0142u nale\u017cy:<\/p>\n\n\n\n<p style=\"text-align:center\">1.&nbsp;&nbsp;&nbsp;&nbsp;&nbsp;&nbsp;&nbsp; reprezentowanie Oddzia\u0142u na swoim terenie i dzia\u0142anie w jego imieniu oraz kierowanie jego dzia\u0142alno\u015bci\u0105 zgodnie z postanowieniami Statutu oraz uchwa\u0142ami i wytycznymi w\u0142adz naczelnych Towarzystwa,<\/p>\n\n\n\n<p style=\"text-align:center\">2.&nbsp;&nbsp;&nbsp;&nbsp;&nbsp;&nbsp;&nbsp; przyjmowanie, skre\u015blanie i wykluczanie cz\u0142onk\u00f3w Oddzia\u0142u,<\/p>\n\n\n\n<p style=\"text-align:center\">3.&nbsp;&nbsp;&nbsp;&nbsp;&nbsp;&nbsp;&nbsp; powo\u0142ywanie zgodnie z \u00a7 47 pkt 1-2 Statutu i nadzorowanie oraz rozwi\u0105zywanie w przypadku braku realizacji cel\u00f3w statutowych K\u00f3\u0142 Towarzystwa,<\/p>\n\n\n\n<p style=\"text-align:center\">4.&nbsp;&nbsp;&nbsp;&nbsp;&nbsp;&nbsp;&nbsp; zawieszanie lub odwo\u0142ywanie Zarz\u0105du Ko\u0142a lub jego cz\u0142onk\u00f3w w przypadku naruszenia Statutu lub nie realizowania uchwa\u0142 i wytycznych w\u0142adz naczelnych Towarzystwa oraz powo\u0142ywanie Zarz\u0105du Tymczasowego,<\/p>\n\n\n\n<p style=\"text-align:center\">5.&nbsp;&nbsp;&nbsp;&nbsp;&nbsp;&nbsp;&nbsp; zawieszanie uchwa\u0142 Walnego Zebrania Cz\u0142onk\u00f3w Ko\u0142a oraz uchwa\u0142 Zarz\u0105du Ko\u0142a w razie ich sprzeczno\u015bci z przepisami prawa i postanowieniami Statutu oraz uchwa\u0142ami w\u0142adz Towarzystwa,<\/p>\n\n\n\n<p style=\"text-align:center\">6.&nbsp;&nbsp;&nbsp;&nbsp;&nbsp;&nbsp;&nbsp; powo\u0142ywanie sekcji problemowych, kt\u00f3re dzia\u0142aj\u0105 na podstawie regulaminu uchwalonego przez Zarz\u0105d G\u0142\u00f3wny,<\/p>\n\n\n\n<p style=\"text-align:center\">7.&nbsp;&nbsp;&nbsp;&nbsp;&nbsp;&nbsp;&nbsp; administrowanie maj\u0105tkiem Towarzystwa pozostaj\u0105cym w u\u017cytkowaniu Oddzia\u0142u w granicach upowa\u017cnienia udzielonego przez Zarz\u0105d G\u0142\u00f3wny,<\/p>\n\n\n\n<p style=\"text-align:center\">8.&nbsp;&nbsp;&nbsp;&nbsp;&nbsp;&nbsp;&nbsp; terminowe sk\u0142adanie okresowych sprawozda\u0144 Zarz\u0105dowi G\u0142\u00f3wnemu, przedstawianie Zarz\u0105dowi G\u0142\u00f3wnemu wniosk\u00f3w dotycz\u0105cych zagadnie\u0144 naukowych, o\u015bwiatowych i organizacyjnych,<\/p>\n\n\n\n<p style=\"text-align:center\">9.&nbsp;&nbsp;&nbsp;&nbsp;&nbsp;&nbsp;&nbsp; zwo\u0142ywanie zebra\u0144 organizacyjnych i naukowych Oddzia\u0142u, wsp\u00f3\u0142dzia\u0142anie z miejscowymi konserwatorami, muzeami i innymi instytucjami.<\/p>\n\n\n\n<p style=\"text-align:center\">\u00a7 45<\/p>\n\n\n\n<p style=\"text-align:center\">1.&nbsp;&nbsp;&nbsp;&nbsp;&nbsp;&nbsp;&nbsp; Posiedzenia Zarz\u0105du Oddzia\u0142u odbywaj\u0105 si\u0119 zgodnie z potrzebami, nie rzadziej jednak ni\u017c raz na kwarta\u0142.<\/p>\n\n\n\n<p style=\"text-align:center\">W posiedzeniach Zarz\u0105du Oddzia\u0142u bior\u0105 udzia\u0142 prezesi K\u00f3\u0142 powo\u0142anych przez Oddzia\u0142 z g\u0142osem doradczym o ile nie s\u0105 cz\u0142onkami Zarz\u0105du Oddzia\u0142u lub upowa\u017cniony przez prezesa Ko\u0142a cz\u0142onek Zarz\u0105du Ko\u0142a.<\/p>\n\n\n\n<p style=\"text-align:center\">2.&nbsp;&nbsp;&nbsp;&nbsp;&nbsp;&nbsp;&nbsp; Uchwa\u0142y Zarz\u0105du Oddzia\u0142u zapadaj\u0105 zwykle wi\u0119kszo\u015bci\u0105 g\u0142os\u00f3w przy obecno\u015bci co najmniej po\u0142owy cz\u0142onk\u00f3w, w tym prezesa lub sekretarza.<\/p>\n\n\n\n<p style=\"text-align:center\">W razie r\u00f3wno\u015bci g\u0142os\u00f3w rozstrzyga g\u0142os przewodnicz\u0105cego posiedzenia.<\/p>\n\n\n\n<p style=\"text-align:center\">3.&nbsp;&nbsp;&nbsp;&nbsp;&nbsp;&nbsp;&nbsp; uchwa\u0142ach Zarz\u0105du Oddzia\u0142u w zakresie \u00a7 44 ust.3-8 Zarz\u0105d Oddzia\u0142u powiadamia pisemnie Zarz\u0105d G\u0142\u00f3wny w terminie 14 dni od ich podj\u0119cia.<\/p>\n\n\n\n<p style=\"text-align:center\">\u00a7 46<\/p>\n\n\n\n<p style=\"text-align:center\">1.&nbsp;&nbsp;&nbsp;&nbsp;&nbsp;&nbsp;&nbsp; Komisja Rewizyjna Oddzia\u0142u sk\u0142ada si\u0119 z 3-5 os\u00f3b, spo\u015br\u00f3d kt\u00f3rych wybiera przewodnicz\u0105cego i sekretarza.<\/p>\n\n\n\n<p style=\"text-align:center\">2.&nbsp;&nbsp;&nbsp;&nbsp;&nbsp;&nbsp;&nbsp; Do kompetencji Komisji Rewizyjnej Oddzia\u0142u odnosz\u0105 si\u0119 postanowienia \u00a7 33 stosownie do zakresu jej dzia\u0142ania z wy\u0142\u0105czeniem pkt.3, oraz postanowienia \u00a7 34 Statutu.<\/p>\n\n\n\n<p style=\"text-align:center\">3.&nbsp;&nbsp;&nbsp;&nbsp;&nbsp;&nbsp;&nbsp; Komisja Rewizyjna Oddzia\u0142u w zakresie swej dzia\u0142alno\u015bci podlega G\u0142\u00f3wnej Komisji Rewizyjnej i obowi\u0105zana jest realizowa\u0107 jej wnioski i uchwa\u0142y.<\/p>\n\n\n\n<p style=\"text-align:center\">Rozdzia\u0142 VI<br>Ko\u0142a Towarzystwa<\/p>\n\n\n\n<p style=\"text-align:center\">\u00a7 47<\/p>\n\n\n\n<p style=\"text-align:center\">1.&nbsp;&nbsp;&nbsp;&nbsp;&nbsp;&nbsp;&nbsp; Ko\u0142a Towarzystwa powo\u0142ywane s\u0105 na podstawie uchwa\u0142y Zarz\u0105du Oddzia\u0142u, poza jego siedzib\u0105 lub przy zak\u0142adach pracy i instytucjach.<\/p>\n\n\n\n<p style=\"text-align:center\">2.&nbsp;&nbsp;&nbsp;&nbsp;&nbsp;&nbsp;&nbsp; Do powo\u0142ania Ko\u0142a wymagana jest co najmniej liczba 7 cz\u0142onk\u00f3w.<\/p>\n\n\n\n<p style=\"text-align:center\">3.&nbsp;&nbsp;&nbsp;&nbsp;&nbsp;&nbsp;&nbsp; Ko\u0142o Towarzystwa dzia\u0142a na zasadach okre\u015blonych regulaminem dzia\u0142alno\u015bci K\u00f3\u0142, uchwalonym przez Zarz\u0105d G\u0142\u00f3wny i podlega bezpo\u015brednio Zarz\u0105dowi Oddzia\u0142u.<\/p>\n\n\n\n<p style=\"text-align:center\">\u00a7 48<\/p>\n\n\n\n<p style=\"text-align:center\">1.&nbsp;&nbsp;&nbsp;&nbsp;&nbsp;&nbsp;&nbsp; W\u0142adzami Ko\u0142a s\u0105:<\/p>\n\n\n\n<p style=\"text-align:center\">1.&nbsp;&nbsp;&nbsp;&nbsp;&nbsp;&nbsp;&nbsp; Walne Zebranie Cz\u0142onk\u00f3w Ko\u0142a,<\/p>\n\n\n\n<p style=\"text-align:center\">2.&nbsp;&nbsp;&nbsp;&nbsp;&nbsp;&nbsp;&nbsp; Zarz\u0105d Ko\u0142a.<\/p>\n\n\n\n<p style=\"text-align:center\">2.&nbsp;&nbsp;&nbsp;&nbsp;&nbsp;&nbsp;&nbsp; Kadencja Zarz\u0105du Ko\u0142a trwa 4 lata.<\/p>\n\n\n\n<p style=\"text-align:center\">\u00a7 49<\/p>\n\n\n\n<p style=\"text-align:center\">Najwy\u017csz\u0105 w\u0142adz\u0105 w Kole jest Walne Zebranie Cz\u0142onk\u00f3w Ko\u0142a.<\/p>\n\n\n\n<p style=\"text-align:center\">\u00a7 50<\/p>\n\n\n\n<p style=\"text-align:center\">1.&nbsp;&nbsp;&nbsp;&nbsp;&nbsp;&nbsp;&nbsp; Do kompetencji Walnego Zebrania Cz\u0142onk\u00f3w Ko\u0142a nale\u017cy:<\/p>\n\n\n\n<p style=\"text-align:center\">1.&nbsp;&nbsp;&nbsp;&nbsp;&nbsp;&nbsp;&nbsp; uchwalanie kierunk\u00f3w dzia\u0142ania na swoim terenie zgodnie z postanowieniami Statutu oraz uchwa\u0142ami i wytycznymi w\u0142adz Towarzystwa,<\/p>\n\n\n\n<p style=\"text-align:center\">2.&nbsp;&nbsp;&nbsp;&nbsp;&nbsp;&nbsp;&nbsp; rozpatrywanie i przyjmowanie sprawozda\u0144 z ca\u0142okszta\u0142tu dzia\u0142alno\u015bci Zarz\u0105du Ko\u0142a,<\/p>\n\n\n\n<p style=\"text-align:center\">3.&nbsp;&nbsp;&nbsp;&nbsp;&nbsp;&nbsp;&nbsp; udzielanie absolutorium ust\u0119puj\u0105cemu Zarz\u0105dowi,<\/p>\n\n\n\n<p style=\"text-align:center\">4.&nbsp;&nbsp;&nbsp;&nbsp;&nbsp;&nbsp;&nbsp; okre\u015blanie lub ustalanie ilo\u015bci cz\u0142onk\u00f3w Zarz\u0105du,<\/p>\n\n\n\n<p style=\"text-align:center\">5.&nbsp;&nbsp;&nbsp;&nbsp;&nbsp;&nbsp;&nbsp; wyb\u00f3r prezesa i cz\u0142onk\u00f3w Zarz\u0105du Ko\u0142a.<\/p>\n\n\n\n<p style=\"text-align:center\">2.&nbsp;&nbsp;&nbsp;&nbsp;&nbsp;&nbsp;&nbsp; Kompetencje wymienione w pkt. 2-5 nale\u017c\u0105 wy\u0142\u0105cznie do Walnego Zebrania Sprawozdawczo-wyborczego.<\/p>\n\n\n\n<p style=\"text-align:center\">\u00a7 51<\/p>\n\n\n\n<p style=\"text-align:center\">1.&nbsp;&nbsp;&nbsp;&nbsp;&nbsp;&nbsp;&nbsp; Walne Zebranie Sprawozdawcze Cz\u0142onk\u00f3w Ko\u0142a zwo\u0142ywane jest corocznie, a Walne Zebranie Sprawozdawczo-wyborcze co cztery lata przez Zarz\u0105d Ko\u0142a, kt\u00f3ry zawiadamia cz\u0142onk\u00f3w o terminie, miejscu i porz\u0105dku obrad co najmniej na 7 dni przed jego zwo\u0142aniem.<\/p>\n\n\n\n<p style=\"text-align:center\">2.&nbsp;&nbsp;&nbsp;&nbsp;&nbsp;&nbsp;&nbsp; W Walnym Zebraniu Cz\u0142onk\u00f3w Ko\u0142a z g\u0142osem decyduj\u0105cym bior\u0105 udzia\u0142 wszyscy cz\u0142onkowie Ko\u0142a, z g\u0142osem doradczym \u2013 zaproszeni go\u015bcie.<\/p>\n\n\n\n<p style=\"text-align:center\">3.&nbsp;&nbsp;&nbsp;&nbsp;&nbsp;&nbsp;&nbsp; Uchwa\u0142y Walnego Zebrania Cz\u0142onk\u00f3w Ko\u0142a w I terminie zapadaj\u0105 zwyk\u0142\u0105 wi\u0119kszo\u015bci\u0105 g\u0142os\u00f3w przy obecno\u015bci co najmniej po\u0142owy os\u00f3b uprawnionych do g\u0142osowania, w II terminie bez wzgl\u0119du na ilo\u015b\u0107 os\u00f3b obecnych.<\/p>\n\n\n\n<p style=\"text-align:center\">4.&nbsp;&nbsp;&nbsp;&nbsp;&nbsp;&nbsp;&nbsp; O uchwa\u0142ach podj\u0119tych przez walne zebranie Cz\u0142onk\u00f3w Ko\u0142a, Zarz\u0105d Ko\u0142a powiadamia pisemnie Zarz\u0105d Oddzia\u0142u w terminie 14 dni od chwili ich podj\u0119cia.<\/p>\n\n\n\n<p style=\"text-align:center\">\u00a7 52<\/p>\n\n\n\n<p style=\"text-align:center\">1.&nbsp;&nbsp;&nbsp;&nbsp;&nbsp;&nbsp;&nbsp; Zarz\u0105d Ko\u0142a sk\u0142ada si\u0119 z prezesa oraz 2-6 cz\u0142onk\u00f3w.<\/p>\n\n\n\n<p style=\"text-align:center\">2.&nbsp;&nbsp;&nbsp;&nbsp;&nbsp;&nbsp;&nbsp; Do ukonstytuowania si\u0119 Zarz\u0105du Ko\u0142a stosuje si\u0119 odpowiednio \u00a7 43 ust.2-3 Statutu.<\/p>\n\n\n\n<p style=\"text-align:center\">3.&nbsp;&nbsp;&nbsp;&nbsp;&nbsp;&nbsp;&nbsp; Do zada\u0144 Zarz\u0105du Ko\u0142a nale\u017cy realizowanie statutowych cel\u00f3w Towarzystwa na swoim terenie.<\/p>\n\n\n\n<p style=\"text-align:center\">4.&nbsp;&nbsp;&nbsp;&nbsp;&nbsp;&nbsp;&nbsp; Posiedzenia Zarz\u0105du Ko\u0142a odbywaj\u0105 si\u0119 zgodnie z potrzebami, nie rzadziej jednak ni\u017c raz na kwarta\u0142.<\/p>\n\n\n\n<p style=\"text-align:center\">5.&nbsp;&nbsp;&nbsp;&nbsp;&nbsp;&nbsp;&nbsp; W przypadku ust\u0105pienia w toku kadencji prezesa Ko\u0142a, przepis \u00a7 26 ust. 1 pkt. 9 stosuje si\u0119 odpowiednio.<\/p>\n\n\n\n<p style=\"text-align:center\">Rozdzia\u0142 VII<br>Fundusze, maj\u0105tek, gospodarka.<\/p>\n\n\n\n<p style=\"text-align:center\">\u00a7 53<\/p>\n\n\n\n<p style=\"text-align:center\">1.&nbsp;&nbsp;&nbsp;&nbsp;&nbsp;&nbsp;&nbsp; Maj\u0105tek Towarzystwa powstaje ze sk\u0142adek cz\u0142onkowskich, darowizn, spadk\u00f3w, zapis\u00f3w, dochod\u00f3w z w\u0142asnej dzia\u0142alno\u015bci, dochod\u00f3w z maj\u0105tku Towarzystwa oraz z ofiarno\u015bci publicznej.<\/p>\n\n\n\n<p style=\"text-align:center\">2.&nbsp;&nbsp;&nbsp;&nbsp;&nbsp;&nbsp;&nbsp; Towarzystwo z zachowaniem obowi\u0105zuj\u0105cych przepis\u00f3w, mo\u017ce przyjmowa\u0107 darowizny, spadki i zapisy oraz korzysta\u0107 z ofiarno\u015bci publicznej, kt\u00f3re mog\u0105 mie\u0107 zastrze\u017cenie celowe, okre\u015blone przez ofiarodawc\u00f3w.<\/p>\n\n\n\n<p style=\"text-align:center\">\u00a7 54<\/p>\n\n\n\n<p style=\"text-align:center\">1.&nbsp;&nbsp;&nbsp;&nbsp;&nbsp;&nbsp;&nbsp; Towarzystwo mo\u017ce prowadzi\u0107 dzia\u0142alno\u015b\u0107 gospodarcz\u0105, wed\u0142ug og\u00f3lnych zasad okre\u015blonych w odr\u0119bnych przepisach. Doch\u00f3d z dzia\u0142alno\u015bci gospodarczej Towarzystwa s\u0142u\u017cy realizacji cel\u00f3w statutowych i nie mo\u017ce by\u0107 przeznaczony do podzia\u0142u mi\u0119dzy cz\u0142onk\u00f3w.<\/p>\n\n\n\n<p style=\"text-align:center\">2.&nbsp;&nbsp;&nbsp;&nbsp;&nbsp;&nbsp;&nbsp; Dzia\u0142alno\u015b\u0107 Statutowa Stowarzyszenia jest zgodna z dzia\u0142alno\u015bci\u0105 po\u017cytku publicznego w rozumieniu Ustawy o dzia\u0142alno\u015b\u0107 po\u017cytku publicznego i mo\u017ce by\u0107 prowadzona odp\u0142atnie i nieodp\u0142atnie.<\/p>\n\n\n\n<p style=\"text-align:center\">\u00a7 55<\/p>\n\n\n\n<p style=\"text-align:center\">Towarzystwo mo\u017ce otrzymywa\u0107 dotacje wed\u0142ug zasad okre\u015blonych w odr\u0119bnych przepisach.<\/p>\n\n\n\n<p style=\"text-align:center\">\u00a7 56<\/p>\n\n\n\n<p style=\"text-align:center\">1.&nbsp;&nbsp;&nbsp;&nbsp;&nbsp;&nbsp;&nbsp; Dla wa\u017cno\u015bci pism dotycz\u0105cych praw i obowi\u0105zk\u00f3w maj\u0105tkowych wymagane s\u0105 podpisy prezesa Zarz\u0105du G\u0142\u00f3wnego lub jego zast\u0119pc\u00f3w oraz skarbnika lub jego zast\u0119pcy.<\/p>\n\n\n\n<p style=\"text-align:center\">2.&nbsp;&nbsp;&nbsp;&nbsp;&nbsp;&nbsp;&nbsp; Wszelkie dokumenty Towarzystwa wychodz\u0105ce na zewn\u0105trz z wyj\u0105tkiem okre\u015blonych w ust.1, podpisuj\u0105 prezes Zarz\u0105du G\u0142\u00f3wnego lub jego zast\u0119pcy oraz sekretarz generalny lub jego zast\u0119pca.<\/p>\n\n\n\n<p style=\"text-align:center\">Rozdzia\u0142 VIII<br>Zmiany Statutu i rozwi\u0105zanie si\u0119 Towarzystwa<\/p>\n\n\n\n<p style=\"text-align:center\">\u00a7 57<\/p>\n\n\n\n<p style=\"text-align:center\">Uchwa\u0142\u0119 o zmianie Statutu podejmuje Walny Zjazd Delegat\u00f3w Towarzystwa wi\u0119kszo\u015bci\u0105 2\/3 g\u0142os\u00f3w przy obecno\u015bci co najmniej po\u0142owy os\u00f3b uprawnionych do g\u0142osowania.<\/p>\n\n\n\n<p style=\"text-align:center\">\u00a7 58<\/p>\n\n\n\n<p style=\"text-align:center\">1.&nbsp;&nbsp;&nbsp;&nbsp;&nbsp;&nbsp;&nbsp; Uchwa\u0142\u0119 o rozwi\u0105zaniu si\u0119 Towarzystwa podejmuje Walny Zjazd Delegat\u00f3w Towarzystwa wi\u0119kszo\u015bci\u0105 2\/3 g\u0142os\u00f3w przy obecno\u015bci co najmniej po\u0142owy os\u00f3b uprawnionych do g\u0142osowania.<\/p>\n\n\n\n<p style=\"text-align:center\">2.&nbsp;&nbsp;&nbsp;&nbsp;&nbsp;&nbsp;&nbsp; Uchwa\u0142a o rozwi\u0105zaniu si\u0119 Towarzystwa okre\u015bli spos\u00f3b przeprowadzenia likwidacji oraz cel na jaki ma by\u0107 przeznaczony maj\u0105tek Towarzystwa.<\/p>\n","protected":false},"excerpt":{"rendered":"<p>Statut Polskiego Towarzystwa Numizmatycznego Rozdzia\u0142 IPostanowienia og\u00f3lne \u00a7 1 Polskie Towarzystwo Numizmatyczne jest kontynuatorem tradycji i dzia\u0142alno\u015bci zorganizowanego przez Karola Beyera w 1845 roku w Warszawie ruchu numizmatycznego, kt\u00f3rego jednym z g\u0142\u00f3wnych cel\u00f3w by\u0142o ratowanie, kolekcjonowanie i popularyzacja numizmat\u00f3w, jako pami\u0105tek ojczystych i&nbsp;historycznych. Polskie Towarzystwo Numizmatyczne jest tak\u017ce kontynuatorem tradycji i dzia\u0142alno\u015bci, powsta\u0142ych w p\u00f3\u017aniejszym &#8230; <a title=\"Statut\" class=\"read-more\" href=\"https:\/\/ptn.suwalki.pl\/index.php\/o-nas\/statut\/\">Czytaj dalej<span class=\"screen-reader-text\">Statut<\/span><\/a><\/p>\n","protected":false},"author":1,"featured_media":0,"parent":20,"menu_order":0,"comment_status":"closed","ping_status":"closed","template":"","meta":[],"_links":{"self":[{"href":"https:\/\/ptn.suwalki.pl\/index.php\/wp-json\/wp\/v2\/pages\/310"}],"collection":[{"href":"https:\/\/ptn.suwalki.pl\/index.php\/wp-json\/wp\/v2\/pages"}],"about":[{"href":"https:\/\/ptn.suwalki.pl\/index.php\/wp-json\/wp\/v2\/types\/page"}],"author":[{"embeddable":true,"href":"https:\/\/ptn.suwalki.pl\/index.php\/wp-json\/wp\/v2\/users\/1"}],"replies":[{"embeddable":true,"href":"https:\/\/ptn.suwalki.pl\/index.php\/wp-json\/wp\/v2\/comments?post=310"}],"version-history":[{"count":8,"href":"https:\/\/ptn.suwalki.pl\/index.php\/wp-json\/wp\/v2\/pages\/310\/revisions"}],"predecessor-version":[{"id":3775,"href":"https:\/\/ptn.suwalki.pl\/index.php\/wp-json\/wp\/v2\/pages\/310\/revisions\/3775"}],"up":[{"embeddable":true,"href":"https:\/\/ptn.suwalki.pl\/index.php\/wp-json\/wp\/v2\/pages\/20"}],"wp:attachment":[{"href":"https:\/\/ptn.suwalki.pl\/index.php\/wp-json\/wp\/v2\/media?parent=310"}],"curies":[{"name":"wp","href":"https:\/\/api.w.org\/{rel}","templated":true}]}}